{"id":1517,"date":"2021-09-15T16:41:22","date_gmt":"2021-09-15T16:41:22","guid":{"rendered":"https:\/\/espacesenior.ch\/?page_id=1517"},"modified":"2023-05-24T12:35:28","modified_gmt":"2023-05-24T12:35:28","slug":"recettes","status":"publish","type":"page","link":"https:\/\/espacesenior.ch\/index.php\/recettes\/","title":{"rendered":"Recettes"},"content":{"rendered":"<p>[et_pb_section fb_built=\u00a0\u00bb1&Prime; _builder_version=\u00a0\u00bb4.19.2&Prime; _module_preset=\u00a0\u00bbdefault\u00a0\u00bb global_colors_info=\u00a0\u00bb{}\u00a0\u00bb][et_pb_row _builder_version=\u00a0\u00bb4.19.2&Prime; _module_preset=\u00a0\u00bbdefault\u00a0\u00bb global_colors_info=\u00a0\u00bb{}\u00a0\u00bb][et_pb_column type=\u00a0\u00bb4_4&Prime; _builder_version=\u00a0\u00bb4.19.2&Prime; _module_preset=\u00a0\u00bbdefault\u00a0\u00bb global_colors_info=\u00a0\u00bb{}\u00a0\u00bb][et_pb_text _builder_version=\u00a0\u00bb4.20.2&Prime; _module_preset=\u00a0\u00bbdefault\u00a0\u00bb text_text_color=\u00a0\u00bb#000000&Prime; text_font_size=\u00a0\u00bb19px\u00a0\u00bb global_colors_info=\u00a0\u00bb{}\u00a0\u00bb]<\/p>\n<p style=\"text-align: center;\"><strong>Quelques recettes culinaires<\/strong><\/p>\n<p style=\"text-align: center;\">Cliquez sur la photo pour voir la recette en format PDF<\/p>\n<p>[\/et_pb_text][\/et_pb_column][\/et_pb_row][et_pb_row column_structure=\u00a0\u00bb1_3,1_3,1_3&Prime; _builder_version=\u00a0\u00bb4.19.2&Prime; _module_preset=\u00a0\u00bbdefault\u00a0\u00bb global_colors_info=\u00a0\u00bb{}\u00a0\u00bb][et_pb_column type=\u00a0\u00bb1_3&Prime; _builder_version=\u00a0\u00bb4.19.2&Prime; _module_preset=\u00a0\u00bbdefault\u00a0\u00bb global_colors_info=\u00a0\u00bb{}\u00a0\u00bb][et_pb_text admin_label=\u00a0\u00bbtexte mezze\u00a0\u00bb _builder_version=\u00a0\u00bb4.20.4&Prime; _module_preset=\u00a0\u00bbdefault\u00a0\u00bb text_text_color=\u00a0\u00bb#000000&Prime; text_font_size=\u00a0\u00bb16px\u00a0\u00bb global_colors_info=\u00a0\u00bb{}\u00a0\u00bb]<\/p>\n<p style=\"text-align: left;\"><strong>Mezze \u00e0 la mode syrienne<\/strong><\/p>\n<p style=\"text-align: left;\">Par Ziad et sa brigade<\/p>\n<p>[\/et_pb_text][et_pb_image src=\u00a0\u00bbhttps:\/\/espacesenior.ch\/wp-content\/uploads\/2022\/12\/mezze_syrien.jpg\u00a0\u00bb title_text=\u00a0\u00bbmezze_syrien\u00a0\u00bb url=\u00a0\u00bbhttps:\/\/espacesenior.ch\/wp-content\/uploads\/2021\/09\/Recette_Mezze_apero_Ziad.pdf\u00a0\u00bb url_new_window=\u00a0\u00bbon\u00a0\u00bb admin_label=\u00a0\u00bbimage mezze\u00a0\u00bb _builder_version=\u00a0\u00bb4.19.2&Prime; _module_preset=\u00a0\u00bbdefault\u00a0\u00bb border_radii=\u00a0\u00bbon|40px|40px|40px|40px\u00a0\u00bb global_colors_info=\u00a0\u00bb{}\u00a0\u00bb][\/et_pb_image][\/et_pb_column][et_pb_column type=\u00a0\u00bb1_3&Prime; _builder_version=\u00a0\u00bb4.19.2&Prime; _module_preset=\u00a0\u00bbdefault\u00a0\u00bb global_colors_info=\u00a0\u00bb{}\u00a0\u00bb][et_pb_text admin_label=\u00a0\u00bbtexte tiramitzu\u00a0\u00bb _builder_version=\u00a0\u00bb4.20.4&Prime; _module_preset=\u00a0\u00bbdefault\u00a0\u00bb text_text_color=\u00a0\u00bb#000000&Prime; text_font_size=\u00a0\u00bb16px\u00a0\u00bb global_colors_info=\u00a0\u00bb{}\u00a0\u00bb]<\/p>\n<p style=\"text-align: left;\"><strong>Tiramisu \u00e0 l&rsquo;orange et amandes<\/strong><\/p>\n<p style=\"text-align: left;\">Par Fabienne<\/p>\n<p>[\/et_pb_text][et_pb_image src=\u00a0\u00bbhttps:\/\/espacesenior.ch\/wp-content\/uploads\/2022\/12\/tiramisu.jpg\u00a0\u00bb title_text=\u00a0\u00bbtiramisu\u00a0\u00bb url=\u00a0\u00bbhttps:\/\/espacesenior.ch\/wp-content\/uploads\/2022\/12\/tiramisu_orange_amandes.pdf\u00a0\u00bb url_new_window=\u00a0\u00bbon\u00a0\u00bb admin_label=\u00a0\u00bbimage tiramisu\u00a0\u00bb _builder_version=\u00a0\u00bb4.19.2&Prime; _module_preset=\u00a0\u00bbdefault\u00a0\u00bb border_radii=\u00a0\u00bbon|40px|40px|40px|40px\u00a0\u00bb global_colors_info=\u00a0\u00bb{}\u00a0\u00bb][\/et_pb_image][\/et_pb_column][et_pb_column type=\u00a0\u00bb1_3&Prime; _builder_version=\u00a0\u00bb4.19.2&Prime; _module_preset=\u00a0\u00bbdefault\u00a0\u00bb global_colors_info=\u00a0\u00bb{}\u00a0\u00bb][et_pb_text admin_label=\u00a0\u00bbtexte crevettes\u00a0\u00bb _builder_version=\u00a0\u00bb4.20.4&Prime; _module_preset=\u00a0\u00bbdefault\u00a0\u00bb text_text_color=\u00a0\u00bb#000000&Prime; text_font_size=\u00a0\u00bb16px\u00a0\u00bb global_colors_info=\u00a0\u00bb{}\u00a0\u00bb]<\/p>\n<p style=\"text-align: left;\"><strong>Crevettes au curry<\/strong><\/p>\n<p style=\"text-align: left;\">Par Ziad et sa brigade<\/p>\n<p>[\/et_pb_text][et_pb_image src=\u00a0\u00bbhttps:\/\/espacesenior.ch\/wp-content\/uploads\/2022\/12\/crevettes_curry.jpg\u00a0\u00bb title_text=\u00a0\u00bbcrevettes_curry\u00a0\u00bb url=\u00a0\u00bbhttps:\/\/espacesenior.ch\/wp-content\/uploads\/2022\/09\/Crevettes_au_curry.pdf\u00a0\u00bb url_new_window=\u00a0\u00bbon\u00a0\u00bb admin_label=\u00a0\u00bbimage crevettes\u00a0\u00bb _builder_version=\u00a0\u00bb4.19.2&Prime; _module_preset=\u00a0\u00bbdefault\u00a0\u00bb border_radii=\u00a0\u00bbon|40px|40px|40px|40px\u00a0\u00bb global_colors_info=\u00a0\u00bb{}\u00a0\u00bb][\/et_pb_image][\/et_pb_column][\/et_pb_row][et_pb_row column_structure=\u00a0\u00bb1_3,1_3,1_3&Prime; _builder_version=\u00a0\u00bb4.19.2&Prime; _module_preset=\u00a0\u00bbdefault\u00a0\u00bb global_colors_info=\u00a0\u00bb{}\u00a0\u00bb][et_pb_column type=\u00a0\u00bb1_3&Prime; _builder_version=\u00a0\u00bb4.19.2&Prime; _module_preset=\u00a0\u00bbdefault\u00a0\u00bb global_colors_info=\u00a0\u00bb{}\u00a0\u00bb][et_pb_text admin_label=\u00a0\u00bbtexte g\u00e2teau anna\u00a0\u00bb _builder_version=\u00a0\u00bb4.20.4&Prime; _module_preset=\u00a0\u00bbdefault\u00a0\u00bb text_text_color=\u00a0\u00bb#000000&Prime; text_font_size=\u00a0\u00bb16px\u00a0\u00bb global_colors_info=\u00a0\u00bb{}\u00a0\u00bb]<\/p>\n<p style=\"text-align: left;\"><strong>G\u00e2teau d&rsquo;Anna<\/strong><\/p>\n<p style=\"text-align: left;\">Par Elisabeth et sa brigade<\/p>\n<p>[\/et_pb_text][et_pb_image src=\u00a0\u00bbhttps:\/\/espacesenior.ch\/wp-content\/uploads\/2023\/04\/gateau_anna.jpg\u00a0\u00bb title_text=\u00a0\u00bbgateau_anna\u00a0\u00bb url=\u00a0\u00bbhttps:\/\/espacesenior.ch\/wp-content\/uploads\/2023\/04\/Gateau_anna.pdf\u00a0\u00bb url_new_window=\u00a0\u00bbon\u00a0\u00bb admin_label=\u00a0\u00bbimage g\u00e2teau anna\u00a0\u00bb _builder_version=\u00a0\u00bb4.20.4&Prime; _module_preset=\u00a0\u00bbdefault\u00a0\u00bb border_radii=\u00a0\u00bbon|40px|40px|40px|40px\u00a0\u00bb global_colors_info=\u00a0\u00bb{}\u00a0\u00bb][\/et_pb_image][\/et_pb_column][et_pb_column type=\u00a0\u00bb1_3&Prime; _builder_version=\u00a0\u00bb4.19.2&Prime; _module_preset=\u00a0\u00bbdefault\u00a0\u00bb global_colors_info=\u00a0\u00bb{}\u00a0\u00bb][et_pb_text admin_label=\u00a0\u00bbtexte g\u00e2teau prunaeaux\u00a0\u00bb _builder_version=\u00a0\u00bb4.20.4&Prime; _module_preset=\u00a0\u00bbdefault\u00a0\u00bb text_text_color=\u00a0\u00bb#000000&Prime; text_font_size=\u00a0\u00bb16px\u00a0\u00bb global_colors_info=\u00a0\u00bb{}\u00a0\u00bb]<\/p>\n<p style=\"text-align: left;\"><strong>G\u00e2teau aux pruneaux<\/strong><\/p>\n<p style=\"text-align: left;\">Par Elisabeth et sa brigade<\/p>\n<p>[\/et_pb_text][et_pb_image src=\u00a0\u00bbhttps:\/\/espacesenior.ch\/wp-content\/uploads\/2023\/04\/gateau_pruneaux.jpg\u00a0\u00bb title_text=\u00a0\u00bbgateau_pruneaux\u00a0\u00bb url=\u00a0\u00bbhttps:\/\/espacesenior.ch\/wp-content\/uploads\/2023\/04\/Gateau_pruneaux.pdf\u00a0\u00bb url_new_window=\u00a0\u00bbon\u00a0\u00bb admin_label=\u00a0\u00bbimage g\u00e2teau pruneaux\u00a0\u00bb _builder_version=\u00a0\u00bb4.20.4&Prime; _module_preset=\u00a0\u00bbdefault\u00a0\u00bb border_radii=\u00a0\u00bbon|40px|40px|40px|40px\u00a0\u00bb global_colors_info=\u00a0\u00bb{}\u00a0\u00bb][\/et_pb_image][\/et_pb_column][et_pb_column type=\u00a0\u00bb1_3&Prime; _builder_version=\u00a0\u00bb4.19.2&Prime; _module_preset=\u00a0\u00bbdefault\u00a0\u00bb global_colors_info=\u00a0\u00bb{}\u00a0\u00bb][et_pb_text admin_label=\u00a0\u00bbtextep oulet thai\u00a0\u00bb _builder_version=\u00a0\u00bb4.20.4&Prime; _module_preset=\u00a0\u00bbdefault\u00a0\u00bb text_text_color=\u00a0\u00bb#000000&Prime; text_font_size=\u00a0\u00bb16px\u00a0\u00bb global_colors_info=\u00a0\u00bb{}\u00a0\u00bb]<\/p>\n<p style=\"text-align: left;\"><strong>Poulet Thai<\/strong><\/p>\n<p style=\"text-align: left;\">Par Ziad et sa brigade<\/p>\n<p>[\/et_pb_text][et_pb_image src=\u00a0\u00bbhttps:\/\/espacesenior.ch\/wp-content\/uploads\/2023\/04\/poulet_thai.jpg\u00a0\u00bb title_text=\u00a0\u00bbpoulet_thai\u00a0\u00bb url=\u00a0\u00bbhttps:\/\/espacesenior.ch\/wp-content\/uploads\/2023\/04\/Poulet_thai.pdf\u00a0\u00bb url_new_window=\u00a0\u00bbon\u00a0\u00bb admin_label=\u00a0\u00bbimage poulet thai\u00a0\u00bb _builder_version=\u00a0\u00bb4.20.4&Prime; _module_preset=\u00a0\u00bbdefault\u00a0\u00bb border_radii=\u00a0\u00bbon|40px|40px|40px|40px\u00a0\u00bb global_colors_info=\u00a0\u00bb{}\u00a0\u00bb][\/et_pb_image][\/et_pb_column][\/et_pb_row][et_pb_row column_structure=\u00a0\u00bb1_3,1_3,1_3&Prime; _builder_version=\u00a0\u00bb4.19.2&Prime; _module_preset=\u00a0\u00bbdefault\u00a0\u00bb global_colors_info=\u00a0\u00bb{}\u00a0\u00bb][et_pb_column type=\u00a0\u00bb1_3&Prime; _builder_version=\u00a0\u00bb4.19.2&Prime; _module_preset=\u00a0\u00bbdefault\u00a0\u00bb global_colors_info=\u00a0\u00bb{}\u00a0\u00bb][et_pb_text admin_label=\u00a0\u00bbtexte sauce bolo\u00a0\u00bb _builder_version=\u00a0\u00bb4.20.4&Prime; _module_preset=\u00a0\u00bbdefault\u00a0\u00bb text_text_color=\u00a0\u00bb#000000&Prime; text_font_size=\u00a0\u00bb16px\u00a0\u00bb global_colors_info=\u00a0\u00bb{}\u00a0\u00bb]<\/p>\n<p style=\"text-align: left;\"><strong>Sauce bolognaise<\/strong><\/p>\n<p style=\"text-align: left;\">Par Elisabeth et sa brigade<\/p>\n<p>[\/et_pb_text][et_pb_image src=\u00a0\u00bbhttps:\/\/espacesenior.ch\/wp-content\/uploads\/2023\/04\/bolognaise.jpg\u00a0\u00bb title_text=\u00a0\u00bbbolognaise\u00a0\u00bb url=\u00a0\u00bbhttps:\/\/espacesenior.ch\/wp-content\/uploads\/2023\/04\/Sauce_bolognaise.pdf\u00a0\u00bb url_new_window=\u00a0\u00bbon\u00a0\u00bb admin_label=\u00a0\u00bbimage sauce bolo\u00a0\u00bb _builder_version=\u00a0\u00bb4.20.4&Prime; _module_preset=\u00a0\u00bbdefault\u00a0\u00bb border_radii=\u00a0\u00bbon|40px|40px|40px|40px\u00a0\u00bb global_colors_info=\u00a0\u00bb{}\u00a0\u00bb][\/et_pb_image][\/et_pb_column][et_pb_column type=\u00a0\u00bb1_3&Prime; _builder_version=\u00a0\u00bb4.19.2&Prime; _module_preset=\u00a0\u00bbdefault\u00a0\u00bb global_colors_info=\u00a0\u00bb{}\u00a0\u00bb][et_pb_text admin_label=\u00a0\u00bbtexte tarte tatin\u00a0\u00bb _builder_version=\u00a0\u00bb4.20.4&Prime; _module_preset=\u00a0\u00bbdefault\u00a0\u00bb text_text_color=\u00a0\u00bb#000000&Prime; text_font_size=\u00a0\u00bb16px\u00a0\u00bb global_colors_info=\u00a0\u00bb{}\u00a0\u00bb]<\/p>\n<p style=\"text-align: left;\"><strong>Tarte Tatin aux l\u00e9gumes<\/strong><\/p>\n<p style=\"text-align: left;\">Par Ziad et sa brigade<\/p>\n<p>[\/et_pb_text][et_pb_image src=\u00a0\u00bbhttps:\/\/espacesenior.ch\/wp-content\/uploads\/2023\/04\/tarte_tatin.jpg\u00a0\u00bb title_text=\u00a0\u00bbtarte_tatin\u00a0\u00bb url=\u00a0\u00bbhttps:\/\/espacesenior.ch\/wp-content\/uploads\/2023\/04\/Tarte_tatin_legumes.pdf\u00a0\u00bb url_new_window=\u00a0\u00bbon\u00a0\u00bb admin_label=\u00a0\u00bbimage tarte tatin\u00a0\u00bb _builder_version=\u00a0\u00bb4.20.4&Prime; _module_preset=\u00a0\u00bbdefault\u00a0\u00bb border_radii=\u00a0\u00bbon|40px|40px|40px|40px\u00a0\u00bb global_colors_info=\u00a0\u00bb{}\u00a0\u00bb][\/et_pb_image][\/et_pb_column][et_pb_column type=\u00a0\u00bb1_3&Prime; _builder_version=\u00a0\u00bb4.19.2&Prime; _module_preset=\u00a0\u00bbdefault\u00a0\u00bb global_colors_info=\u00a0\u00bb{}\u00a0\u00bb][et_pb_text admin_label=\u00a0\u00bbtexte tiramisu\u00a0\u00bb _builder_version=\u00a0\u00bb4.20.4&Prime; _module_preset=\u00a0\u00bbdefault\u00a0\u00bb text_text_color=\u00a0\u00bb#000000&Prime; text_font_size=\u00a0\u00bb16px\u00a0\u00bb global_colors_info=\u00a0\u00bb{}\u00a0\u00bb]<\/p>\n<p style=\"text-align: left;\"><strong>Tiramisu aux framboises<\/strong><\/p>\n<p style=\"text-align: left;\">Par Imelda<\/p>\n<p>[\/et_pb_text][et_pb_image src=\u00a0\u00bbhttps:\/\/espacesenior.ch\/wp-content\/uploads\/2023\/04\/tiramitsu_framb.jpg\u00a0\u00bb title_text=\u00a0\u00bbtiramitsu_framb\u00a0\u00bb url=\u00a0\u00bbhttps:\/\/espacesenior.ch\/wp-content\/uploads\/2023\/04\/Tiramisu_framboises.pdf\u00a0\u00bb url_new_window=\u00a0\u00bbon\u00a0\u00bb admin_label=\u00a0\u00bbimage tiramisu\u00a0\u00bb _builder_version=\u00a0\u00bb4.20.4&Prime; _module_preset=\u00a0\u00bbdefault\u00a0\u00bb border_radii=\u00a0\u00bbon|40px|40px|40px|40px\u00a0\u00bb global_colors_info=\u00a0\u00bb{}\u00a0\u00bb][\/et_pb_image][\/et_pb_column][\/et_pb_row][et_pb_row column_structure=\u00a0\u00bb1_3,1_3,1_3&Prime; _builder_version=\u00a0\u00bb4.19.2&Prime; _module_preset=\u00a0\u00bbdefault\u00a0\u00bb global_colors_info=\u00a0\u00bb{}\u00a0\u00bb][et_pb_column type=\u00a0\u00bb1_3&Prime; _builder_version=\u00a0\u00bb4.19.2&Prime; _module_preset=\u00a0\u00bbdefault\u00a0\u00bb global_colors_info=\u00a0\u00bb{}\u00a0\u00bb][et_pb_text admin_label=\u00a0\u00bbtexte ragout boeuf\u00a0\u00bb _builder_version=\u00a0\u00bb4.20.4&Prime; _module_preset=\u00a0\u00bbdefault\u00a0\u00bb text_text_color=\u00a0\u00bb#000000&Prime; text_font_size=\u00a0\u00bb16px\u00a0\u00bb global_colors_info=\u00a0\u00bb{}\u00a0\u00bb]<\/p>\n<p style=\"text-align: left;\"><b>Rago\u00fbt de b\u0153uf \u00e0 la bi\u00e8re brune<\/b><\/p>\n<p style=\"text-align: left;\">Par Edith et sa brigade<\/p>\n<p>[\/et_pb_text][et_pb_image src=\u00a0\u00bbhttps:\/\/espacesenior.ch\/wp-content\/uploads\/2023\/04\/ragout_boeuf.jpg\u00a0\u00bb title_text=\u00a0\u00bbragout_boeuf\u00a0\u00bb url=\u00a0\u00bbhttps:\/\/espacesenior.ch\/wp-content\/uploads\/2023\/04\/Ragout_boeuf_biere_brune.pdf\u00a0\u00bb url_new_window=\u00a0\u00bbon\u00a0\u00bb admin_label=\u00a0\u00bbimage ragout boeuf\u00a0\u00bb _builder_version=\u00a0\u00bb4.20.4&Prime; _module_preset=\u00a0\u00bbdefault\u00a0\u00bb border_radii=\u00a0\u00bbon|40px|40px|40px|40px\u00a0\u00bb global_colors_info=\u00a0\u00bb{}\u00a0\u00bb][\/et_pb_image][\/et_pb_column][et_pb_column type=\u00a0\u00bb1_3&Prime; _builder_version=\u00a0\u00bb4.19.2&Prime; _module_preset=\u00a0\u00bbdefault\u00a0\u00bb global_colors_info=\u00a0\u00bb{}\u00a0\u00bb][\/et_pb_column][et_pb_column type=\u00a0\u00bb1_3&Prime; _builder_version=\u00a0\u00bb4.19.2&Prime; _module_preset=\u00a0\u00bbdefault\u00a0\u00bb global_colors_info=\u00a0\u00bb{}\u00a0\u00bb][\/et_pb_column][\/et_pb_row][\/et_pb_section]<\/p>\n","protected":false},"excerpt":{"rendered":"<p>Quelques recettes culinaires Cliquez sur la photo pour voir la recette en format PDFMezze \u00e0 la mode syrienne Par Ziad et sa brigadeTiramisu \u00e0 l&rsquo;orange et amandes Par FabienneCrevettes au curry Par Ziad et sa brigadeG\u00e2teau d&rsquo;Anna Par Elisabeth et sa brigadeG\u00e2teau aux pruneaux Par Elisabeth et sa brigadePoulet Thai Par Ziad et sa brigadeSauce [&hellip;]<\/p>\n","protected":false},"author":1,"featured_media":0,"parent":0,"menu_order":0,"comment_status":"closed","ping_status":"closed","template":"","meta":{"_et_pb_use_builder":"on","_et_pb_old_content":"","_et_gb_content_width":""},"yoast_head":"<!-- This site is optimized with the Yoast SEO plugin v21.1 - https:\/\/yoast.com\/wordpress\/plugins\/seo\/ -->\n<title>Recettes - espacesenior<\/title>\n<meta name=\"robots\" content=\"index, follow, max-snippet:-1, max-image-preview:large, max-video-preview:-1\" \/>\n<link rel=\"canonical\" href=\"https:\/\/espacesenior.ch\/index.php\/recettes\/\" \/>\n<meta property=\"og:locale\" content=\"fr_FR\" \/>\n<meta property=\"og:type\" content=\"article\" \/>\n<meta property=\"og:title\" content=\"Recettes - espacesenior\" \/>\n<meta property=\"og:description\" content=\"Quelques recettes culinaires Cliquez sur la photo pour voir la recette en format PDFMezze \u00e0 la mode syrienne Par Ziad et sa brigadeTiramisu \u00e0 l&#039;orange et amandes Par FabienneCrevettes au curry Par Ziad et sa brigadeG\u00e2teau d&#039;Anna Par Elisabeth et sa brigadeG\u00e2teau aux pruneaux Par Elisabeth et sa brigadePoulet Thai Par Ziad et sa brigadeSauce [&hellip;]\" \/>\n<meta property=\"og:url\" content=\"https:\/\/espacesenior.ch\/index.php\/recettes\/\" \/>\n<meta property=\"og:site_name\" content=\"espacesenior\" \/>\n<meta property=\"article:modified_time\" content=\"2023-05-24T12:35:28+00:00\" \/>\n<meta name=\"twitter:card\" content=\"summary_large_image\" \/>\n<meta name=\"twitter:label1\" content=\"Dur\u00e9e de lecture estim\u00e9e\" \/>\n\t<meta name=\"twitter:data1\" content=\"2 minutes\" \/>\n<script type=\"application\/ld+json\" class=\"yoast-schema-graph\">{\"@context\":\"https:\/\/schema.org\",\"@graph\":[{\"@type\":\"WebPage\",\"@id\":\"https:\/\/espacesenior.ch\/index.php\/recettes\/\",\"url\":\"https:\/\/espacesenior.ch\/index.php\/recettes\/\",\"name\":\"Recettes - espacesenior\",\"isPartOf\":{\"@id\":\"https:\/\/espacesenior.ch\/#website\"},\"datePublished\":\"2021-09-15T16:41:22+00:00\",\"dateModified\":\"2023-05-24T12:35:28+00:00\",\"breadcrumb\":{\"@id\":\"https:\/\/espacesenior.ch\/index.php\/recettes\/#breadcrumb\"},\"inLanguage\":\"fr-FR\",\"potentialAction\":[{\"@type\":\"ReadAction\",\"target\":[\"https:\/\/espacesenior.ch\/index.php\/recettes\/\"]}]},{\"@type\":\"BreadcrumbList\",\"@id\":\"https:\/\/espacesenior.ch\/index.php\/recettes\/#breadcrumb\",\"itemListElement\":[{\"@type\":\"ListItem\",\"position\":1,\"name\":\"Home\",\"item\":\"https:\/\/espacesenior.ch\/\"},{\"@type\":\"ListItem\",\"position\":2,\"name\":\"Recettes\"}]},{\"@type\":\"WebSite\",\"@id\":\"https:\/\/espacesenior.ch\/#website\",\"url\":\"https:\/\/espacesenior.ch\/\",\"name\":\"espacesenior\",\"description\":\"activit\u00e9s pour seniors bulle\",\"publisher\":{\"@id\":\"https:\/\/espacesenior.ch\/#organization\"},\"potentialAction\":[{\"@type\":\"SearchAction\",\"target\":{\"@type\":\"EntryPoint\",\"urlTemplate\":\"https:\/\/espacesenior.ch\/?s={search_term_string}\"},\"query-input\":\"required name=search_term_string\"}],\"inLanguage\":\"fr-FR\"},{\"@type\":\"Organization\",\"@id\":\"https:\/\/espacesenior.ch\/#organization\",\"name\":\"espacesenior\",\"url\":\"https:\/\/espacesenior.ch\/\",\"logo\":{\"@type\":\"ImageObject\",\"inLanguage\":\"fr-FR\",\"@id\":\"https:\/\/espacesenior.ch\/#\/schema\/logo\/image\/\",\"url\":\"https:\/\/espacesenior.ch\/wp-content\/uploads\/2020\/03\/espace-senior-jaune1600x490.png\",\"contentUrl\":\"https:\/\/espacesenior.ch\/wp-content\/uploads\/2020\/03\/espace-senior-jaune1600x490.png\",\"width\":1600,\"height\":490,\"caption\":\"espacesenior\"},\"image\":{\"@id\":\"https:\/\/espacesenior.ch\/#\/schema\/logo\/image\/\"}}]}<\/script>\n<!-- \/ Yoast SEO plugin. -->","yoast_head_json":{"title":"Recettes - espacesenior","robots":{"index":"index","follow":"follow","max-snippet":"max-snippet:-1","max-image-preview":"max-image-preview:large","max-video-preview":"max-video-preview:-1"},"canonical":"https:\/\/espacesenior.ch\/index.php\/recettes\/","og_locale":"fr_FR","og_type":"article","og_title":"Recettes - espacesenior","og_description":"Quelques recettes culinaires Cliquez sur la photo pour voir la recette en format PDFMezze \u00e0 la mode syrienne Par Ziad et sa brigadeTiramisu \u00e0 l'orange et amandes Par FabienneCrevettes au curry Par Ziad et sa brigadeG\u00e2teau d'Anna Par Elisabeth et sa brigadeG\u00e2teau aux pruneaux Par Elisabeth et sa brigadePoulet Thai Par Ziad et sa brigadeSauce [&hellip;]","og_url":"https:\/\/espacesenior.ch\/index.php\/recettes\/","og_site_name":"espacesenior","article_modified_time":"2023-05-24T12:35:28+00:00","twitter_card":"summary_large_image","twitter_misc":{"Dur\u00e9e de lecture estim\u00e9e":"2 minutes"},"schema":{"@context":"https:\/\/schema.org","@graph":[{"@type":"WebPage","@id":"https:\/\/espacesenior.ch\/index.php\/recettes\/","url":"https:\/\/espacesenior.ch\/index.php\/recettes\/","name":"Recettes - espacesenior","isPartOf":{"@id":"https:\/\/espacesenior.ch\/#website"},"datePublished":"2021-09-15T16:41:22+00:00","dateModified":"2023-05-24T12:35:28+00:00","breadcrumb":{"@id":"https:\/\/espacesenior.ch\/index.php\/recettes\/#breadcrumb"},"inLanguage":"fr-FR","potentialAction":[{"@type":"ReadAction","target":["https:\/\/espacesenior.ch\/index.php\/recettes\/"]}]},{"@type":"BreadcrumbList","@id":"https:\/\/espacesenior.ch\/index.php\/recettes\/#breadcrumb","itemListElement":[{"@type":"ListItem","position":1,"name":"Home","item":"https:\/\/espacesenior.ch\/"},{"@type":"ListItem","position":2,"name":"Recettes"}]},{"@type":"WebSite","@id":"https:\/\/espacesenior.ch\/#website","url":"https:\/\/espacesenior.ch\/","name":"espacesenior","description":"activit\u00e9s pour seniors bulle","publisher":{"@id":"https:\/\/espacesenior.ch\/#organization"},"potentialAction":[{"@type":"SearchAction","target":{"@type":"EntryPoint","urlTemplate":"https:\/\/espacesenior.ch\/?s={search_term_string}"},"query-input":"required name=search_term_string"}],"inLanguage":"fr-FR"},{"@type":"Organization","@id":"https:\/\/espacesenior.ch\/#organization","name":"espacesenior","url":"https:\/\/espacesenior.ch\/","logo":{"@type":"ImageObject","inLanguage":"fr-FR","@id":"https:\/\/espacesenior.ch\/#\/schema\/logo\/image\/","url":"https:\/\/espacesenior.ch\/wp-content\/uploads\/2020\/03\/espace-senior-jaune1600x490.png","contentUrl":"https:\/\/espacesenior.ch\/wp-content\/uploads\/2020\/03\/espace-senior-jaune1600x490.png","width":1600,"height":490,"caption":"espacesenior"},"image":{"@id":"https:\/\/espacesenior.ch\/#\/schema\/logo\/image\/"}}]}},"_links":{"self":[{"href":"https:\/\/espacesenior.ch\/index.php\/wp-json\/wp\/v2\/pages\/1517"}],"collection":[{"href":"https:\/\/espacesenior.ch\/index.php\/wp-json\/wp\/v2\/pages"}],"about":[{"href":"https:\/\/espacesenior.ch\/index.php\/wp-json\/wp\/v2\/types\/page"}],"author":[{"embeddable":true,"href":"https:\/\/espacesenior.ch\/index.php\/wp-json\/wp\/v2\/users\/1"}],"replies":[{"embeddable":true,"href":"https:\/\/espacesenior.ch\/index.php\/wp-json\/wp\/v2\/comments?post=1517"}],"version-history":[{"count":22,"href":"https:\/\/espacesenior.ch\/index.php\/wp-json\/wp\/v2\/pages\/1517\/revisions"}],"predecessor-version":[{"id":4102,"href":"https:\/\/espacesenior.ch\/index.php\/wp-json\/wp\/v2\/pages\/1517\/revisions\/4102"}],"wp:attachment":[{"href":"https:\/\/espacesenior.ch\/index.php\/wp-json\/wp\/v2\/media?parent=1517"}],"curies":[{"name":"wp","href":"https:\/\/api.w.org\/{rel}","templated":true}]}}