{"id":3748,"date":"2023-04-15T12:23:34","date_gmt":"2023-04-15T12:23:34","guid":{"rendered":"https:\/\/espacesenior.ch\/?page_id=3748"},"modified":"2025-05-21T12:57:16","modified_gmt":"2025-05-21T12:57:16","slug":"galerie-assemblee-generale","status":"publish","type":"page","link":"https:\/\/espacesenior.ch\/index.php\/galerie-assemblee-generale\/","title":{"rendered":"Galerie Assembl\u00e9e G\u00e9n\u00e9rale"},"content":{"rendered":"<p>[et_pb_section fb_built=\u00a0\u00bb1&Prime; _builder_version=\u00a0\u00bb4.20.4&Prime; custom_padding=\u00a0\u00bb7px||14px|||\u00a0\u00bb top_divider_style=\u00a0\u00bbslant2&Prime; top_divider_color=\u00a0\u00bb#5e5e5e\u00a0\u00bb global_colors_info=\u00a0\u00bb{}\u00a0\u00bb][et_pb_row _builder_version=\u00a0\u00bb4.18.0&Prime; _module_preset=\u00a0\u00bbdefault\u00a0\u00bb custom_padding=\u00a0\u00bb||10px|||\u00a0\u00bb global_colors_info=\u00a0\u00bb{}\u00a0\u00bb][et_pb_column type=\u00a0\u00bb4_4&Prime; _builder_version=\u00a0\u00bb4.18.0&Prime; _module_preset=\u00a0\u00bbdefault\u00a0\u00bb global_colors_info=\u00a0\u00bb{}\u00a0\u00bb][et_pb_text admin_label=\u00a0\u00bbtitre galerie de photos AG\u00a0\u00bb _builder_version=\u00a0\u00bb4.20.4&Prime; _module_preset=\u00a0\u00bbdefault\u00a0\u00bb text_text_color=\u00a0\u00bb#000000&Prime; text_font_size=\u00a0\u00bb21px\u00a0\u00bb global_colors_info=\u00a0\u00bb{}\u00a0\u00bb]<\/p>\n<p>&nbsp;<\/p>\n<p style=\"text-align: center;\">Galerie de photos &#8211; <strong>Assembl\u00e9e G\u00e9n\u00e9rale<\/strong>&#8211; cliquez sur la photo pour d\u00e9marrer le diaporama<\/p>\n<p>[\/et_pb_text][\/et_pb_column][\/et_pb_row][et_pb_row column_structure=\u00a0\u00bb1_3,1_3,1_3&Prime; _builder_version=\u00a0\u00bb4.16&Prime; custom_margin=\u00a0\u00bb38px|auto||auto||\u00a0\u00bb custom_padding=\u00a0\u00bb11px|||||\u00a0\u00bb global_colors_info=\u00a0\u00bb{}\u00a0\u00bb][et_pb_column type=\u00a0\u00bb1_3&Prime; _builder_version=\u00a0\u00bb4.16&Prime; global_colors_info=\u00a0\u00bb{}\u00a0\u00bb][et_pb_gallery gallery_ids=\u00a0\u00bb3751,3752,3753,3754,3755,3756,3757,3758,3759,3760,3761,3762,3763&Prime; gallery_orderby=\u00a0\u00bbrand\u00a0\u00bb posts_number=\u00a0\u00bb1&Prime; show_pagination=\u00a0\u00bboff\u00a0\u00bb admin_label=\u00a0\u00bbGal AG\u00a0\u00bb _builder_version=\u00a0\u00bb4.20.4&Prime; _module_preset=\u00a0\u00bbdefault\u00a0\u00bb global_colors_info=\u00a0\u00bb{}\u00a0\u00bb][\/et_pb_gallery][\/et_pb_column][et_pb_column type=\u00a0\u00bb1_3&Prime; _builder_version=\u00a0\u00bb4.16&Prime; global_colors_info=\u00a0\u00bb{}\u00a0\u00bb][et_pb_gallery admin_label=\u00a0\u00bbRevue 2024&Prime; _builder_version=\u00a0\u00bb4.27.4&Prime; _module_preset=\u00a0\u00bbdefault\u00a0\u00bb global_colors_info=\u00a0\u00bb{}\u00a0\u00bb][\/et_pb_gallery][\/et_pb_column][et_pb_column type=\u00a0\u00bb1_3&Prime; _builder_version=\u00a0\u00bb4.16&Prime; global_colors_info=\u00a0\u00bb{}\u00a0\u00bb][\/et_pb_column][\/et_pb_row][\/et_pb_section]<\/p>\n","protected":false},"excerpt":{"rendered":"<p>&nbsp; Galerie de photos &#8211; Assembl\u00e9e G\u00e9n\u00e9rale- cliquez sur la photo pour d\u00e9marrer le diaporama<\/p>\n","protected":false},"author":2,"featured_media":0,"parent":0,"menu_order":0,"comment_status":"closed","ping_status":"closed","template":"","meta":{"_et_pb_use_builder":"on","_et_pb_old_content":"","_et_gb_content_width":""},"yoast_head":"<!-- This site is optimized with the Yoast SEO plugin v21.1 - https:\/\/yoast.com\/wordpress\/plugins\/seo\/ -->\n<title>Galerie Assembl\u00e9e G\u00e9n\u00e9rale - espacesenior<\/title>\n<meta name=\"robots\" content=\"index, follow, max-snippet:-1, max-image-preview:large, max-video-preview:-1\" \/>\n<link rel=\"canonical\" href=\"https:\/\/espacesenior.ch\/index.php\/galerie-assemblee-generale\/\" \/>\n<meta property=\"og:locale\" content=\"fr_FR\" \/>\n<meta property=\"og:type\" content=\"article\" \/>\n<meta property=\"og:title\" content=\"Galerie Assembl\u00e9e G\u00e9n\u00e9rale - espacesenior\" \/>\n<meta property=\"og:description\" content=\"&nbsp; Galerie de photos - Assembl\u00e9e G\u00e9n\u00e9rale- cliquez sur la photo pour d\u00e9marrer le diaporama\" \/>\n<meta property=\"og:url\" content=\"https:\/\/espacesenior.ch\/index.php\/galerie-assemblee-generale\/\" \/>\n<meta property=\"og:site_name\" content=\"espacesenior\" \/>\n<meta property=\"article:modified_time\" content=\"2025-05-21T12:57:16+00:00\" \/>\n<meta name=\"twitter:card\" content=\"summary_large_image\" \/>\n<meta name=\"twitter:label1\" content=\"Dur\u00e9e de lecture estim\u00e9e\" \/>\n\t<meta name=\"twitter:data1\" content=\"1 minute\" \/>\n<script type=\"application\/ld+json\" class=\"yoast-schema-graph\">{\"@context\":\"https:\/\/schema.org\",\"@graph\":[{\"@type\":\"WebPage\",\"@id\":\"https:\/\/espacesenior.ch\/index.php\/galerie-assemblee-generale\/\",\"url\":\"https:\/\/espacesenior.ch\/index.php\/galerie-assemblee-generale\/\",\"name\":\"Galerie Assembl\u00e9e G\u00e9n\u00e9rale - espacesenior\",\"isPartOf\":{\"@id\":\"https:\/\/espacesenior.ch\/#website\"},\"datePublished\":\"2023-04-15T12:23:34+00:00\",\"dateModified\":\"2025-05-21T12:57:16+00:00\",\"breadcrumb\":{\"@id\":\"https:\/\/espacesenior.ch\/index.php\/galerie-assemblee-generale\/#breadcrumb\"},\"inLanguage\":\"fr-FR\",\"potentialAction\":[{\"@type\":\"ReadAction\",\"target\":[\"https:\/\/espacesenior.ch\/index.php\/galerie-assemblee-generale\/\"]}]},{\"@type\":\"BreadcrumbList\",\"@id\":\"https:\/\/espacesenior.ch\/index.php\/galerie-assemblee-generale\/#breadcrumb\",\"itemListElement\":[{\"@type\":\"ListItem\",\"position\":1,\"name\":\"Home\",\"item\":\"https:\/\/espacesenior.ch\/\"},{\"@type\":\"ListItem\",\"position\":2,\"name\":\"Galerie Assembl\u00e9e G\u00e9n\u00e9rale\"}]},{\"@type\":\"WebSite\",\"@id\":\"https:\/\/espacesenior.ch\/#website\",\"url\":\"https:\/\/espacesenior.ch\/\",\"name\":\"espacesenior\",\"description\":\"activit\u00e9s pour seniors bulle\",\"publisher\":{\"@id\":\"https:\/\/espacesenior.ch\/#organization\"},\"potentialAction\":[{\"@type\":\"SearchAction\",\"target\":{\"@type\":\"EntryPoint\",\"urlTemplate\":\"https:\/\/espacesenior.ch\/?s={search_term_string}\"},\"query-input\":\"required name=search_term_string\"}],\"inLanguage\":\"fr-FR\"},{\"@type\":\"Organization\",\"@id\":\"https:\/\/espacesenior.ch\/#organization\",\"name\":\"espacesenior\",\"url\":\"https:\/\/espacesenior.ch\/\",\"logo\":{\"@type\":\"ImageObject\",\"inLanguage\":\"fr-FR\",\"@id\":\"https:\/\/espacesenior.ch\/#\/schema\/logo\/image\/\",\"url\":\"https:\/\/espacesenior.ch\/wp-content\/uploads\/2020\/03\/espace-senior-jaune1600x490.png\",\"contentUrl\":\"https:\/\/espacesenior.ch\/wp-content\/uploads\/2020\/03\/espace-senior-jaune1600x490.png\",\"width\":1600,\"height\":490,\"caption\":\"espacesenior\"},\"image\":{\"@id\":\"https:\/\/espacesenior.ch\/#\/schema\/logo\/image\/\"}}]}<\/script>\n<!-- \/ Yoast SEO plugin. -->","yoast_head_json":{"title":"Galerie Assembl\u00e9e G\u00e9n\u00e9rale - espacesenior","robots":{"index":"index","follow":"follow","max-snippet":"max-snippet:-1","max-image-preview":"max-image-preview:large","max-video-preview":"max-video-preview:-1"},"canonical":"https:\/\/espacesenior.ch\/index.php\/galerie-assemblee-generale\/","og_locale":"fr_FR","og_type":"article","og_title":"Galerie Assembl\u00e9e G\u00e9n\u00e9rale - espacesenior","og_description":"&nbsp; Galerie de photos - Assembl\u00e9e G\u00e9n\u00e9rale- cliquez sur la photo pour d\u00e9marrer le diaporama","og_url":"https:\/\/espacesenior.ch\/index.php\/galerie-assemblee-generale\/","og_site_name":"espacesenior","article_modified_time":"2025-05-21T12:57:16+00:00","twitter_card":"summary_large_image","twitter_misc":{"Dur\u00e9e de lecture estim\u00e9e":"1 minute"},"schema":{"@context":"https:\/\/schema.org","@graph":[{"@type":"WebPage","@id":"https:\/\/espacesenior.ch\/index.php\/galerie-assemblee-generale\/","url":"https:\/\/espacesenior.ch\/index.php\/galerie-assemblee-generale\/","name":"Galerie Assembl\u00e9e G\u00e9n\u00e9rale - espacesenior","isPartOf":{"@id":"https:\/\/espacesenior.ch\/#website"},"datePublished":"2023-04-15T12:23:34+00:00","dateModified":"2025-05-21T12:57:16+00:00","breadcrumb":{"@id":"https:\/\/espacesenior.ch\/index.php\/galerie-assemblee-generale\/#breadcrumb"},"inLanguage":"fr-FR","potentialAction":[{"@type":"ReadAction","target":["https:\/\/espacesenior.ch\/index.php\/galerie-assemblee-generale\/"]}]},{"@type":"BreadcrumbList","@id":"https:\/\/espacesenior.ch\/index.php\/galerie-assemblee-generale\/#breadcrumb","itemListElement":[{"@type":"ListItem","position":1,"name":"Home","item":"https:\/\/espacesenior.ch\/"},{"@type":"ListItem","position":2,"name":"Galerie Assembl\u00e9e G\u00e9n\u00e9rale"}]},{"@type":"WebSite","@id":"https:\/\/espacesenior.ch\/#website","url":"https:\/\/espacesenior.ch\/","name":"espacesenior","description":"activit\u00e9s pour seniors bulle","publisher":{"@id":"https:\/\/espacesenior.ch\/#organization"},"potentialAction":[{"@type":"SearchAction","target":{"@type":"EntryPoint","urlTemplate":"https:\/\/espacesenior.ch\/?s={search_term_string}"},"query-input":"required name=search_term_string"}],"inLanguage":"fr-FR"},{"@type":"Organization","@id":"https:\/\/espacesenior.ch\/#organization","name":"espacesenior","url":"https:\/\/espacesenior.ch\/","logo":{"@type":"ImageObject","inLanguage":"fr-FR","@id":"https:\/\/espacesenior.ch\/#\/schema\/logo\/image\/","url":"https:\/\/espacesenior.ch\/wp-content\/uploads\/2020\/03\/espace-senior-jaune1600x490.png","contentUrl":"https:\/\/espacesenior.ch\/wp-content\/uploads\/2020\/03\/espace-senior-jaune1600x490.png","width":1600,"height":490,"caption":"espacesenior"},"image":{"@id":"https:\/\/espacesenior.ch\/#\/schema\/logo\/image\/"}}]}},"_links":{"self":[{"href":"https:\/\/espacesenior.ch\/index.php\/wp-json\/wp\/v2\/pages\/3748"}],"collection":[{"href":"https:\/\/espacesenior.ch\/index.php\/wp-json\/wp\/v2\/pages"}],"about":[{"href":"https:\/\/espacesenior.ch\/index.php\/wp-json\/wp\/v2\/types\/page"}],"author":[{"embeddable":true,"href":"https:\/\/espacesenior.ch\/index.php\/wp-json\/wp\/v2\/users\/2"}],"replies":[{"embeddable":true,"href":"https:\/\/espacesenior.ch\/index.php\/wp-json\/wp\/v2\/comments?post=3748"}],"version-history":[{"count":4,"href":"https:\/\/espacesenior.ch\/index.php\/wp-json\/wp\/v2\/pages\/3748\/revisions"}],"predecessor-version":[{"id":6202,"href":"https:\/\/espacesenior.ch\/index.php\/wp-json\/wp\/v2\/pages\/3748\/revisions\/6202"}],"wp:attachment":[{"href":"https:\/\/espacesenior.ch\/index.php\/wp-json\/wp\/v2\/media?parent=3748"}],"curies":[{"name":"wp","href":"https:\/\/api.w.org\/{rel}","templated":true}]}}