{"id":408,"date":"2020-06-19T12:57:50","date_gmt":"2020-06-19T12:57:50","guid":{"rendered":"https:\/\/espacesenior.ch\/?page_id=408"},"modified":"2026-03-07T10:37:19","modified_gmt":"2026-03-07T10:37:19","slug":"comite","status":"publish","type":"page","link":"https:\/\/espacesenior.ch\/index.php\/comite\/","title":{"rendered":"Comit\u00e9"},"content":{"rendered":"<p>[et_pb_section fb_built=\u00a0\u00bb1&Prime; _builder_version=\u00a0\u00bb4.16&Prime; custom_padding=\u00a0\u00bb||0px|||\u00a0\u00bb top_divider_style=\u00a0\u00bbramp2&Prime; top_divider_color=\u00a0\u00bb#5e5e5e\u00a0\u00bb global_colors_info=\u00a0\u00bb{}\u00a0\u00bb][et_pb_row _builder_version=\u00a0\u00bb4.16&Prime; global_colors_info=\u00a0\u00bb{}\u00a0\u00bb][et_pb_column type=\u00a0\u00bb4_4&Prime; _builder_version=\u00a0\u00bb4.16&Prime; global_colors_info=\u00a0\u00bb{}\u00a0\u00bb][\/et_pb_column][\/et_pb_row][et_pb_row _builder_version=\u00a0\u00bb4.16&Prime; global_colors_info=\u00a0\u00bb{}\u00a0\u00bb][et_pb_column type=\u00a0\u00bb4_4&Prime; _builder_version=\u00a0\u00bb4.16&Prime; global_colors_info=\u00a0\u00bb{}\u00a0\u00bb][et_pb_text admin_label=\u00a0\u00bbtitre Comit\u00e9\u00a0\u00bb _builder_version=\u00a0\u00bb4.27.4&Prime; text_font_size=\u00a0\u00bb20px\u00a0\u00bb global_colors_info=\u00a0\u00bb{}\u00a0\u00bb]<\/p>\n<h1 style=\"text-align: center;\"><strong>Comit\u00e9<\/strong><\/h1>\n<p>[\/et_pb_text][\/et_pb_column][\/et_pb_row][et_pb_row column_structure=\u00a0\u00bb1_3,1_3,1_3&Prime; _builder_version=\u00a0\u00bb4.16&Prime; global_colors_info=\u00a0\u00bb{}\u00a0\u00bb][et_pb_column type=\u00a0\u00bb1_3&Prime; _builder_version=\u00a0\u00bb4.16&Prime; global_colors_info=\u00a0\u00bb{}\u00a0\u00bb][et_pb_team_member name=\u00a0\u00bbPierre Cottier &#8211; Pr\u00e9sident\u00a0\u00bb position=\u00a0\u00bbRelations avec les autorit\u00e9s &#8211; Pro Senectute &#8211; Sponsoring\u00a0\u00bb image_url=\u00a0\u00bbhttps:\/\/espacesenior.ch\/wp-content\/uploads\/2020\/07\/pierre_cottier_3-scaled-1.jpg\u00a0\u00bb admin_label=\u00a0\u00bb Pierre Cottier\u00a0\u00bb _builder_version=\u00a0\u00bb4.27.4&Prime; header_level=\u00a0\u00bbh2&Prime; header_text_color=\u00a0\u00bb#000000&Prime; body_text_color=\u00a0\u00bb#000000&Prime; body_font_size=\u00a0\u00bb17px\u00a0\u00bb position_text_color=\u00a0\u00bb#000000&Prime; position_font_size=\u00a0\u00bb17px\u00a0\u00bb hover_enabled=\u00a0\u00bb0&Prime; border_radii=\u00a0\u00bbon|15px|15px|15px|15px\u00a0\u00bb global_colors_info=\u00a0\u00bb{}\u00a0\u00bb sticky_enabled=\u00a0\u00bb0&Prime;][\/et_pb_team_member][\/et_pb_column][et_pb_column type=\u00a0\u00bb1_3&Prime; _builder_version=\u00a0\u00bb4.16&Prime; global_colors_info=\u00a0\u00bb{}\u00a0\u00bb][et_pb_team_member name=\u00a0\u00bbMarthe Brodard &#8211; Vice-Pr\u00e9sidente\u00a0\u00bb position=\u00a0\u00bbGestion des membres &#8211; Relations bancaires &#8211; Sponsoring\u00a0\u00bb image_url=\u00a0\u00bbhttps:\/\/espacesenior.ch\/wp-content\/uploads\/2020\/07\/marthe_brodard-scaled-1.jpg\u00a0\u00bb admin_label=\u00a0\u00bbMarthe Brodard\u00a0\u00bb _builder_version=\u00a0\u00bb4.27.4&Prime; header_level=\u00a0\u00bbh2&Prime; header_text_color=\u00a0\u00bb#000000&Prime; body_text_color=\u00a0\u00bb#000000&Prime; body_font_size=\u00a0\u00bb17px\u00a0\u00bb position_text_color=\u00a0\u00bb#000000&Prime; position_font_size=\u00a0\u00bb17px\u00a0\u00bb border_radii=\u00a0\u00bbon|15px|15px|15px|15px\u00a0\u00bb global_colors_info=\u00a0\u00bb{}\u00a0\u00bb][\/et_pb_team_member][\/et_pb_column][et_pb_column type=\u00a0\u00bb1_3&Prime; _builder_version=\u00a0\u00bb4.16&Prime; global_colors_info=\u00a0\u00bb{}\u00a0\u00bb][et_pb_team_member name=\u00a0\u00bbDominique Sudan &#8211; Tr\u00e9sorier\u00a0\u00bb position=\u00a0\u00bbTenue de la caisse et des comptes &#8211; Gestion du programme informatique interne (ClubDesk)\u00a0\u00bb image_url=\u00a0\u00bbhttps:\/\/espacesenior.ch\/wp-content\/uploads\/2024\/05\/Dominique-Sudan-e1716221703816.jpg\u00a0\u00bb admin_label=\u00a0\u00bbDominique Sudan\u00a0\u00bb _builder_version=\u00a0\u00bb4.27.4&Prime; header_level=\u00a0\u00bbh2&Prime; header_text_color=\u00a0\u00bb#000000&Prime; body_text_color=\u00a0\u00bb#000000&Prime; body_font_size=\u00a0\u00bb17px\u00a0\u00bb position_text_color=\u00a0\u00bb#000000&Prime; position_font_size=\u00a0\u00bb17px\u00a0\u00bb border_radii=\u00a0\u00bbon|15px|15px|15px|15px\u00a0\u00bb global_colors_info=\u00a0\u00bb{}\u00a0\u00bb][\/et_pb_team_member][\/et_pb_column][\/et_pb_row][\/et_pb_section][et_pb_section fb_built=\u00a0\u00bb1&Prime; _builder_version=\u00a0\u00bb4.16&Prime; custom_padding=\u00a0\u00bb0px|||||\u00a0\u00bb global_colors_info=\u00a0\u00bb{}\u00a0\u00bb][et_pb_row column_structure=\u00a0\u00bb1_4,1_4,1_4,1_4&Prime; _builder_version=\u00a0\u00bb4.21.0&Prime; global_colors_info=\u00a0\u00bb{}\u00a0\u00bb][et_pb_column type=\u00a0\u00bb1_4&Prime; _builder_version=\u00a0\u00bb4.16&Prime; global_colors_info=\u00a0\u00bb{}\u00a0\u00bb][et_pb_team_member name=\u00a0\u00bbAnne Carrel Meyer &#8211; Membre\u00a0\u00bb position=\u00a0\u00bbPr\u00e9sidente de la Commission Animation &#8211; Programmation &#8211; Gestion des b\u00e9n\u00e9voles &#8211; M\u00e9dias (FaceBook)     \u00a0\u00bb image_url=\u00a0\u00bbhttps:\/\/espacesenior.ch\/wp-content\/uploads\/2020\/07\/anne_carrel_meyer.jpg\u00a0\u00bb admin_label=\u00a0\u00bb Anne Carrel-Meyer\u00a0\u00bb _builder_version=\u00a0\u00bb4.27.4&Prime; header_level=\u00a0\u00bbh2&Prime; header_text_color=\u00a0\u00bb#000000&Prime; body_text_color=\u00a0\u00bb#000000&Prime; body_font_size=\u00a0\u00bb17px\u00a0\u00bb position_text_color=\u00a0\u00bb#000000&Prime; position_font_size=\u00a0\u00bb17px\u00a0\u00bb border_radii=\u00a0\u00bbon|15px|15px|15px|15px\u00a0\u00bb global_colors_info=\u00a0\u00bb{}\u00a0\u00bb][\/et_pb_team_member][\/et_pb_column][et_pb_column type=\u00a0\u00bb1_4&Prime; _builder_version=\u00a0\u00bb4.16&Prime; global_colors_info=\u00a0\u00bb{}\u00a0\u00bb][et_pb_team_member name=\u00a0\u00bbDaniel Blanc &#8211; Membre\u00a0\u00bb position=\u00a0\u00bbGestion des locaux &#8211; Economat\u00a0\u00bb image_url=\u00a0\u00bbhttps:\/\/espacesenior.ch\/wp-content\/uploads\/2025\/05\/Capture-decran-2025-05-20-151558.png\u00a0\u00bb admin_label=\u00a0\u00bbDaniel Blanc\u00a0\u00bb _builder_version=\u00a0\u00bb4.27.4&Prime; header_level=\u00a0\u00bbh2&Prime; header_text_color=\u00a0\u00bb#000000&Prime; body_text_color=\u00a0\u00bb#000000&Prime; body_font_size=\u00a0\u00bb17px\u00a0\u00bb position_text_color=\u00a0\u00bb#000000&Prime; position_font_size=\u00a0\u00bb17px\u00a0\u00bb hover_enabled=\u00a0\u00bb0&Prime; border_radii=\u00a0\u00bbon|15px|15px|15px|15px\u00a0\u00bb global_colors_info=\u00a0\u00bb{}\u00a0\u00bb position__hover_enabled=\u00a0\u00bboff|desktop\u00a0\u00bb sticky_enabled=\u00a0\u00bb0&Prime;][\/et_pb_team_member][\/et_pb_column][et_pb_column type=\u00a0\u00bb1_4&Prime; _builder_version=\u00a0\u00bb4.16&Prime; global_colors_info=\u00a0\u00bb{}\u00a0\u00bb][et_pb_team_member name=\u00a0\u00bbNicole Robert &#8211; Membre\u00a0\u00bb position=\u00a0\u00bbRepr\u00e9sentante de la Commission Animation                                          \u00a0\u00bb image_url=\u00a0\u00bbhttps:\/\/espacesenior.ch\/wp-content\/uploads\/2023\/07\/nicole_robert-284&#215;300-1-e1689784322245.jpg\u00a0\u00bb admin_label=\u00a0\u00bbNicole Robert\u00a0\u00bb _builder_version=\u00a0\u00bb4.27.4&Prime; header_level=\u00a0\u00bbh2&Prime; header_text_color=\u00a0\u00bb#000000&Prime; body_text_color=\u00a0\u00bb#000000&Prime; body_font_size=\u00a0\u00bb17px\u00a0\u00bb position_text_color=\u00a0\u00bb#000000&Prime; position_font_size=\u00a0\u00bb17px\u00a0\u00bb hover_enabled=\u00a0\u00bb0&Prime; border_radii=\u00a0\u00bbon|15px|15px|15px|15px\u00a0\u00bb global_colors_info=\u00a0\u00bb{}\u00a0\u00bb sticky_enabled=\u00a0\u00bb0&Prime;][\/et_pb_team_member][\/et_pb_column][et_pb_column type=\u00a0\u00bb1_4&Prime; _builder_version=\u00a0\u00bb4.16&Prime; global_colors_info=\u00a0\u00bb{}\u00a0\u00bb][et_pb_team_member name=\u00a0\u00bbIsabelle Varenne &#8211; Membre\u00a0\u00bb position=\u00a0\u00bbSecr\u00e9tariat de l&rsquo;Association &#8211; Site internet            \u00a0\u00bb image_url=\u00a0\u00bbhttps:\/\/espacesenior.ch\/wp-content\/uploads\/2025\/10\/WhatsApp-Image-2025-02-17-a-16.23.26_be1f934a-300&#215;294-1.jpg\u00a0\u00bb admin_label=\u00a0\u00bbIsabelle Varenne\u00a0\u00bb _builder_version=\u00a0\u00bb4.27.4&Prime; header_level=\u00a0\u00bbh2&Prime; header_text_color=\u00a0\u00bb#000000&Prime; body_text_color=\u00a0\u00bb#000000&Prime; body_font_size=\u00a0\u00bb17px\u00a0\u00bb position_text_color=\u00a0\u00bb#000000&Prime; position_font_size=\u00a0\u00bb17px\u00a0\u00bb hover_enabled=\u00a0\u00bb0&Prime; border_radii=\u00a0\u00bbon|15px|15px|15px|15px\u00a0\u00bb global_colors_info=\u00a0\u00bb{}\u00a0\u00bb sticky_enabled=\u00a0\u00bb0&Prime;][\/et_pb_team_member][\/et_pb_column][\/et_pb_row][\/et_pb_section][et_pb_section fb_built=\u00a0\u00bb1&Prime; _builder_version=\u00a0\u00bb4.27.4&Prime; _module_preset=\u00a0\u00bbdefault\u00a0\u00bb global_colors_info=\u00a0\u00bb{}\u00a0\u00bb][\/et_pb_section]<\/p>\n","protected":false},"excerpt":{"rendered":"<p>Comit\u00e9<\/p>\n","protected":false},"author":1,"featured_media":0,"parent":0,"menu_order":0,"comment_status":"closed","ping_status":"closed","template":"","meta":{"_et_pb_use_builder":"on","_et_pb_old_content":"","_et_gb_content_width":""},"yoast_head":"<!-- This site is optimized with the Yoast SEO plugin v21.1 - https:\/\/yoast.com\/wordpress\/plugins\/seo\/ -->\n<title>Comit\u00e9 - espacesenior<\/title>\n<meta name=\"robots\" content=\"index, follow, max-snippet:-1, max-image-preview:large, max-video-preview:-1\" \/>\n<link rel=\"canonical\" href=\"https:\/\/espacesenior.ch\/index.php\/comite\/\" \/>\n<meta property=\"og:locale\" content=\"fr_FR\" \/>\n<meta property=\"og:type\" content=\"article\" \/>\n<meta property=\"og:title\" content=\"Comit\u00e9 - espacesenior\" \/>\n<meta property=\"og:description\" content=\"Comit\u00e9\" \/>\n<meta property=\"og:url\" content=\"https:\/\/espacesenior.ch\/index.php\/comite\/\" \/>\n<meta property=\"og:site_name\" content=\"espacesenior\" \/>\n<meta property=\"article:modified_time\" content=\"2026-03-07T10:37:19+00:00\" \/>\n<meta name=\"twitter:card\" content=\"summary_large_image\" \/>\n<meta name=\"twitter:label1\" content=\"Dur\u00e9e de lecture estim\u00e9e\" \/>\n\t<meta name=\"twitter:data1\" content=\"2 minutes\" \/>\n<script type=\"application\/ld+json\" class=\"yoast-schema-graph\">{\"@context\":\"https:\/\/schema.org\",\"@graph\":[{\"@type\":\"WebPage\",\"@id\":\"https:\/\/espacesenior.ch\/index.php\/comite\/\",\"url\":\"https:\/\/espacesenior.ch\/index.php\/comite\/\",\"name\":\"Comit\u00e9 - espacesenior\",\"isPartOf\":{\"@id\":\"https:\/\/espacesenior.ch\/#website\"},\"datePublished\":\"2020-06-19T12:57:50+00:00\",\"dateModified\":\"2026-03-07T10:37:19+00:00\",\"breadcrumb\":{\"@id\":\"https:\/\/espacesenior.ch\/index.php\/comite\/#breadcrumb\"},\"inLanguage\":\"fr-FR\",\"potentialAction\":[{\"@type\":\"ReadAction\",\"target\":[\"https:\/\/espacesenior.ch\/index.php\/comite\/\"]}]},{\"@type\":\"BreadcrumbList\",\"@id\":\"https:\/\/espacesenior.ch\/index.php\/comite\/#breadcrumb\",\"itemListElement\":[{\"@type\":\"ListItem\",\"position\":1,\"name\":\"Home\",\"item\":\"https:\/\/espacesenior.ch\/\"},{\"@type\":\"ListItem\",\"position\":2,\"name\":\"Comit\u00e9\"}]},{\"@type\":\"WebSite\",\"@id\":\"https:\/\/espacesenior.ch\/#website\",\"url\":\"https:\/\/espacesenior.ch\/\",\"name\":\"espacesenior\",\"description\":\"activit\u00e9s pour seniors bulle\",\"publisher\":{\"@id\":\"https:\/\/espacesenior.ch\/#organization\"},\"potentialAction\":[{\"@type\":\"SearchAction\",\"target\":{\"@type\":\"EntryPoint\",\"urlTemplate\":\"https:\/\/espacesenior.ch\/?s={search_term_string}\"},\"query-input\":\"required name=search_term_string\"}],\"inLanguage\":\"fr-FR\"},{\"@type\":\"Organization\",\"@id\":\"https:\/\/espacesenior.ch\/#organization\",\"name\":\"espacesenior\",\"url\":\"https:\/\/espacesenior.ch\/\",\"logo\":{\"@type\":\"ImageObject\",\"inLanguage\":\"fr-FR\",\"@id\":\"https:\/\/espacesenior.ch\/#\/schema\/logo\/image\/\",\"url\":\"https:\/\/espacesenior.ch\/wp-content\/uploads\/2020\/03\/espace-senior-jaune1600x490.png\",\"contentUrl\":\"https:\/\/espacesenior.ch\/wp-content\/uploads\/2020\/03\/espace-senior-jaune1600x490.png\",\"width\":1600,\"height\":490,\"caption\":\"espacesenior\"},\"image\":{\"@id\":\"https:\/\/espacesenior.ch\/#\/schema\/logo\/image\/\"}}]}<\/script>\n<!-- \/ Yoast SEO plugin. -->","yoast_head_json":{"title":"Comit\u00e9 - espacesenior","robots":{"index":"index","follow":"follow","max-snippet":"max-snippet:-1","max-image-preview":"max-image-preview:large","max-video-preview":"max-video-preview:-1"},"canonical":"https:\/\/espacesenior.ch\/index.php\/comite\/","og_locale":"fr_FR","og_type":"article","og_title":"Comit\u00e9 - espacesenior","og_description":"Comit\u00e9","og_url":"https:\/\/espacesenior.ch\/index.php\/comite\/","og_site_name":"espacesenior","article_modified_time":"2026-03-07T10:37:19+00:00","twitter_card":"summary_large_image","twitter_misc":{"Dur\u00e9e de lecture estim\u00e9e":"2 minutes"},"schema":{"@context":"https:\/\/schema.org","@graph":[{"@type":"WebPage","@id":"https:\/\/espacesenior.ch\/index.php\/comite\/","url":"https:\/\/espacesenior.ch\/index.php\/comite\/","name":"Comit\u00e9 - espacesenior","isPartOf":{"@id":"https:\/\/espacesenior.ch\/#website"},"datePublished":"2020-06-19T12:57:50+00:00","dateModified":"2026-03-07T10:37:19+00:00","breadcrumb":{"@id":"https:\/\/espacesenior.ch\/index.php\/comite\/#breadcrumb"},"inLanguage":"fr-FR","potentialAction":[{"@type":"ReadAction","target":["https:\/\/espacesenior.ch\/index.php\/comite\/"]}]},{"@type":"BreadcrumbList","@id":"https:\/\/espacesenior.ch\/index.php\/comite\/#breadcrumb","itemListElement":[{"@type":"ListItem","position":1,"name":"Home","item":"https:\/\/espacesenior.ch\/"},{"@type":"ListItem","position":2,"name":"Comit\u00e9"}]},{"@type":"WebSite","@id":"https:\/\/espacesenior.ch\/#website","url":"https:\/\/espacesenior.ch\/","name":"espacesenior","description":"activit\u00e9s pour seniors bulle","publisher":{"@id":"https:\/\/espacesenior.ch\/#organization"},"potentialAction":[{"@type":"SearchAction","target":{"@type":"EntryPoint","urlTemplate":"https:\/\/espacesenior.ch\/?s={search_term_string}"},"query-input":"required name=search_term_string"}],"inLanguage":"fr-FR"},{"@type":"Organization","@id":"https:\/\/espacesenior.ch\/#organization","name":"espacesenior","url":"https:\/\/espacesenior.ch\/","logo":{"@type":"ImageObject","inLanguage":"fr-FR","@id":"https:\/\/espacesenior.ch\/#\/schema\/logo\/image\/","url":"https:\/\/espacesenior.ch\/wp-content\/uploads\/2020\/03\/espace-senior-jaune1600x490.png","contentUrl":"https:\/\/espacesenior.ch\/wp-content\/uploads\/2020\/03\/espace-senior-jaune1600x490.png","width":1600,"height":490,"caption":"espacesenior"},"image":{"@id":"https:\/\/espacesenior.ch\/#\/schema\/logo\/image\/"}}]}},"_links":{"self":[{"href":"https:\/\/espacesenior.ch\/index.php\/wp-json\/wp\/v2\/pages\/408"}],"collection":[{"href":"https:\/\/espacesenior.ch\/index.php\/wp-json\/wp\/v2\/pages"}],"about":[{"href":"https:\/\/espacesenior.ch\/index.php\/wp-json\/wp\/v2\/types\/page"}],"author":[{"embeddable":true,"href":"https:\/\/espacesenior.ch\/index.php\/wp-json\/wp\/v2\/users\/1"}],"replies":[{"embeddable":true,"href":"https:\/\/espacesenior.ch\/index.php\/wp-json\/wp\/v2\/comments?post=408"}],"version-history":[{"count":77,"href":"https:\/\/espacesenior.ch\/index.php\/wp-json\/wp\/v2\/pages\/408\/revisions"}],"predecessor-version":[{"id":6979,"href":"https:\/\/espacesenior.ch\/index.php\/wp-json\/wp\/v2\/pages\/408\/revisions\/6979"}],"wp:attachment":[{"href":"https:\/\/espacesenior.ch\/index.php\/wp-json\/wp\/v2\/media?parent=408"}],"curies":[{"name":"wp","href":"https:\/\/api.w.org\/{rel}","templated":true}]}}