{"id":430,"date":"2020-06-25T13:44:43","date_gmt":"2020-06-25T13:44:43","guid":{"rendered":"https:\/\/espacesenior.ch\/?page_id=430"},"modified":"2022-03-14T13:24:16","modified_gmt":"2022-03-14T13:24:16","slug":"medias","status":"publish","type":"page","link":"https:\/\/espacesenior.ch\/index.php\/medias\/","title":{"rendered":"M\u00e9dias"},"content":{"rendered":"<p>[et_pb_section fb_built=\u00a0\u00bb1&Prime; _builder_version=\u00a0\u00bb4.4.8&Prime; custom_margin=\u00a0\u00bb-16px|||||\u00a0\u00bb custom_padding=\u00a0\u00bb5px|||||\u00a0\u00bb global_colors_info=\u00a0\u00bb{}\u00a0\u00bb][et_pb_row column_structure=\u00a0\u00bb1_3,1_3,1_3&Prime; _builder_version=\u00a0\u00bb4.5.1&Prime; _module_preset=\u00a0\u00bbdefault\u00a0\u00bb custom_padding=\u00a0\u00bb12px||2px|||\u00a0\u00bb global_colors_info=\u00a0\u00bb{}\u00a0\u00bb][et_pb_column type=\u00a0\u00bb1_3&Prime; _builder_version=\u00a0\u00bb4.5.1&Prime; _module_preset=\u00a0\u00bbdefault\u00a0\u00bb global_colors_info=\u00a0\u00bb{}\u00a0\u00bb][et_pb_image src=\u00a0\u00bbhttps:\/\/espacesenior.ch\/wp-content\/uploads\/2020\/07\/la_gruyere.png\u00a0\u00bb title_text=\u00a0\u00bbla_gruyere\u00a0\u00bb admin_label=\u00a0\u00bbimage La Gruy\u00e8re\u00a0\u00bb _builder_version=\u00a0\u00bb4.5.1&Prime; _module_preset=\u00a0\u00bbdefault\u00a0\u00bb global_colors_info=\u00a0\u00bb{}\u00a0\u00bb][\/et_pb_image][\/et_pb_column][et_pb_column type=\u00a0\u00bb1_3&Prime; _builder_version=\u00a0\u00bb4.5.1&Prime; _module_preset=\u00a0\u00bbdefault\u00a0\u00bb global_colors_info=\u00a0\u00bb{}\u00a0\u00bb][et_pb_image src=\u00a0\u00bbhttps:\/\/espacesenior.ch\/wp-content\/uploads\/2020\/12\/ville_bulle.png\u00a0\u00bb title_text=\u00a0\u00bbville_bulle\u00a0\u00bb admin_label=\u00a0\u00bbville de bulle\u00a0\u00bb _builder_version=\u00a0\u00bb4.7.6&Prime; _module_preset=\u00a0\u00bbdefault\u00a0\u00bb global_colors_info=\u00a0\u00bb{}\u00a0\u00bb][\/et_pb_image][\/et_pb_column][et_pb_column type=\u00a0\u00bb1_3&Prime; _builder_version=\u00a0\u00bb4.5.1&Prime; _module_preset=\u00a0\u00bbdefault\u00a0\u00bb global_colors_info=\u00a0\u00bb{}\u00a0\u00bb][et_pb_image src=\u00a0\u00bbhttps:\/\/espacesenior.ch\/wp-content\/uploads\/2020\/12\/la_liberte_recadre.png\u00a0\u00bb title_text=\u00a0\u00bbla_liberte_recadre\u00a0\u00bb admin_label=\u00a0\u00bbimage La Libert\u00e9\u00a0\u00bb _builder_version=\u00a0\u00bb4.7.6&Prime; _module_preset=\u00a0\u00bbdefault\u00a0\u00bb global_colors_info=\u00a0\u00bb{}\u00a0\u00bb][\/et_pb_image][\/et_pb_column][\/et_pb_row][et_pb_row _builder_version=\u00a0\u00bb4.14.9&Prime; _module_preset=\u00a0\u00bbdefault\u00a0\u00bb column_structure=\u00a0\u00bb1_3,2_3&Prime;][et_pb_column _builder_version=\u00a0\u00bb4.14.9&Prime; _module_preset=\u00a0\u00bbdefault\u00a0\u00bb type=\u00a0\u00bb1_3&Prime;][et_pb_image _builder_version=\u00a0\u00bb4.14.9&Prime; _module_preset=\u00a0\u00bbdefault\u00a0\u00bb title_text=\u00a0\u00bbcharte_jardins\u00a0\u00bb src=\u00a0\u00bbhttps:\/\/espacesenior.ch\/wp-content\/uploads\/2022\/01\/charte_jardins.jpg\u00a0\u00bb admin_label=\u00a0\u00bblogo charte\u00a0\u00bb hover_enabled=\u00a0\u00bb0&Prime; sticky_enabled=\u00a0\u00bb0&Prime;][\/et_pb_image][\/et_pb_column][et_pb_column _builder_version=\u00a0\u00bb4.14.9&Prime; _module_preset=\u00a0\u00bbdefault\u00a0\u00bb type=\u00a0\u00bb2_3&Prime;][et_pb_text _builder_version=\u00a0\u00bb4.14.9&Prime; _module_preset=\u00a0\u00bbdefault\u00a0\u00bb text_text_color=\u00a0\u00bb#000000&Prime; text_font_size=\u00a0\u00bb19px\u00a0\u00bb hover_enabled=\u00a0\u00bb0&Prime; sticky_enabled=\u00a0\u00bb0&Prime;]<\/p>\n<p>CHARTE DES JARDINS<\/p>\n<p>energie-environnement.ch donne des conseils pour \u00e9conomiser l&rsquo;\u00e9nergie et pr\u00e9server l&rsquo;environnement. Une \u00ab\u00a0Charte des Jardins\u00a0\u00bb a \u00e9t\u00e9 \u00e9dit\u00e9e et vous pouvez la t\u00e9l\u00e9charger en cliquant <strong><a href=\"https:\/\/espacesenior.ch\/wp-content\/uploads\/2022\/03\/charte_des_jardins_comp.pdf\" target=\"_blank\" rel=\"noopener\">ICI<\/a><\/strong><\/p>\n<p>Pour acc\u00e9der au site, cliquez <a href=\"https:\/\/www.energie-environnement.ch\/\" target=\"_blank\" rel=\"noopener\"><strong>ICI<\/strong><\/a><\/p>\n<p>[\/et_pb_text][\/et_pb_column][\/et_pb_row][et_pb_row _builder_version=\u00a0\u00bb4.4.8&Prime; global_colors_info=\u00a0\u00bb{}\u00a0\u00bb][et_pb_column type=\u00a0\u00bb4_4&Prime; _builder_version=\u00a0\u00bb4.4.8&Prime; global_colors_info=\u00a0\u00bb{}\u00a0\u00bb][et_pb_text admin_label=\u00a0\u00bb20210816 communiqu\u00e9 ville de Bulle\u00a0\u00bb _builder_version=\u00a0\u00bb4.9.11&Prime; _module_preset=\u00a0\u00bbdefault\u00a0\u00bb text_font_size=\u00a0\u00bb19px\u00a0\u00bb hover_enabled=\u00a0\u00bb0&Prime; global_colors_info=\u00a0\u00bb{}\u00a0\u00bb sticky_enabled=\u00a0\u00bb0&Prime;]<\/p>\n<p><b>La ville de Bulle 16.08.2021 <\/b>Communiqu\u00e9 de presse : <em>ETRE ET RESTER MOBILE, UN GAGE DE SANTE POUR LES SENIORS<\/em> &#8211; cliquez <a href=\"https:\/\/espacesenior.ch\/wp-content\/uploads\/2021\/08\/bulle_comm_presse20210816.pdf\" target=\"_blank\" rel=\"noopener\"><strong>ICI<\/strong><\/a><\/p>\n<p>[\/et_pb_text][et_pb_text admin_label=\u00a0\u00bb20210601 La Libert\u00e9\u00a0\u00bb _builder_version=\u00a0\u00bb4.9.4&Prime; _module_preset=\u00a0\u00bbdefault\u00a0\u00bb text_font_size=\u00a0\u00bb19px\u00a0\u00bb global_colors_info=\u00a0\u00bb{}\u00a0\u00bb]<\/p>\n<p><strong>La Libert\u00e9<\/strong> du 01 juin 2021 &#8211; cliquez <a href=\"https:\/\/espacesenior.ch\/wp-content\/uploads\/2021\/06\/20210601_la_liberte.pdf\" target=\"_blank\" rel=\"noopener\"><strong>ICI<\/strong><\/a><\/p>\n<p>[\/et_pb_text][et_pb_text admin_label=\u00a0\u00bb20210316 La Gruy\u00e8re\u00a0\u00bb _builder_version=\u00a0\u00bb4.9.2&Prime; _module_preset=\u00a0\u00bbdefault\u00a0\u00bb text_font_size=\u00a0\u00bb19px\u00a0\u00bb global_colors_info=\u00a0\u00bb{}\u00a0\u00bb]<\/p>\n<p><strong>La Gruy\u00e8re<\/strong> du 16 mars 2021 &#8211; cliquez <a href=\"https:\/\/espacesenior.ch\/wp-content\/uploads\/2021\/03\/gruyere_20210316_recadre.pdf\" target=\"_blank\" rel=\"noopener\"><strong>ICI<\/strong><\/a><\/p>\n<p>[\/et_pb_text][et_pb_text admin_label=\u00a0\u00bb20210316 La Libert\u00e9\u00a0\u00bb _builder_version=\u00a0\u00bb4.9.2&Prime; _module_preset=\u00a0\u00bbdefault\u00a0\u00bb text_font_size=\u00a0\u00bb19px\u00a0\u00bb global_colors_info=\u00a0\u00bb{}\u00a0\u00bb]<\/p>\n<p><strong>La Libert\u00e9<\/strong>\u00a0du 16 mars 2021 &#8211; cliquez <a href=\"https:\/\/espacesenior.ch\/wp-content\/uploads\/2021\/03\/laliberte_16032021.pdf\" target=\"_blank\" rel=\"noopener\"><strong>ICI<\/strong><\/a><\/p>\n<p>[\/et_pb_text][et_pb_text admin_label=\u00a0\u00bb20201201 Ville de Bulle\u00a0\u00bb _builder_version=\u00a0\u00bb4.7.6&Prime; text_font_size=\u00a0\u00bb19px\u00a0\u00bb global_colors_info=\u00a0\u00bb{}\u00a0\u00bb]<\/p>\n<p><strong>La ville de Bulle<\/strong> d\u00e9cembre 2020 &#8211; pr\u00e9sentation du local &#8211; pour consulter cette page, cliquez <a href=\"https:\/\/espacesenior.ch\/wp-content\/uploads\/2020\/12\/bulletin_bulle_dec_2020.pdf\" target=\"_blank\" rel=\"noopener noreferrer\"><strong>ICI<\/strong><\/a><\/p>\n<p>[\/et_pb_text][et_pb_text admin_label=\u00a0\u00bb20200716 &#8211; La Gruy\u00e8re r\u00e9sultat enqu\u00eate +65 ans\u00a0\u00bb _builder_version=\u00a0\u00bb4.7.6&Prime; text_font_size=\u00a0\u00bb19px\u00a0\u00bb global_colors_info=\u00a0\u00bb{}\u00a0\u00bb]<\/p>\n<p><strong>La Gruy\u00e8re<\/strong> a publi\u00e9 le 16 juillet 2020 les r\u00e9sultats de l&rsquo;enqu\u00eate du r\u00e9seau de sant\u00e9 r\u00e9alis\u00e9e aupr\u00e8s des personnes de plus de 65 ans &#8211; pour voir l&rsquo;article, cliquez <a href=\"https:\/\/espacesenior.ch\/wp-content\/uploads\/2020\/07\/gruyere_20200716.pdf\" target=\"_blank\" rel=\"noopener noreferrer\"><strong>ICI<\/strong><\/a><\/p>\n<p>[\/et_pb_text][et_pb_text admin_label=\u00a0\u00bb20200707 &#8211; La Gruy\u00e8re\u00a0\u00bb _builder_version=\u00a0\u00bb4.7.6&Prime; text_font_size=\u00a0\u00bb19px\u00a0\u00bb global_colors_info=\u00a0\u00bb{}\u00a0\u00bb]<\/p>\n<p><strong>La Gruy\u00e8re<\/strong> a \u00e9dit\u00e9 un article pour Espace Senior dans son \u00e9dition du 7 juillet 2020. Pour consulter, cliquez <a href=\"https:\/\/espacesenior.ch\/wp-content\/uploads\/2020\/07\/lagruyere_20200707.pdf\" target=\"_blank\" rel=\"noopener noreferrer\"><strong>ICI<\/strong><\/a><\/p>\n<p>[\/et_pb_text][et_pb_text admin_label=\u00a0\u00bb20200601 Ville de Bulle\u00a0\u00bb _builder_version=\u00a0\u00bb4.7.6&Prime; text_font_size=\u00a0\u00bb19px\u00a0\u00bb global_colors_info=\u00a0\u00bb{}\u00a0\u00bb]<\/p>\n<p><strong>La ville de Bulle<\/strong> a consacr\u00e9 une page pour les seniors dans son bulletin du mois de juin 2020 &#8211; pour consulter cette page, cliquez <strong><a href=\"https:\/\/espacesenior.ch\/wp-content\/uploads\/2020\/06\/bulletin_bulle_juin2020_p_6.pdf\" target=\"_blank\" rel=\"noopener noreferrer\">ICI<\/a><\/strong><\/p>\n<p>[\/et_pb_text][et_pb_text admin_label=\u00a0\u00bb20200304 &#8211; La Libert\u00e9\u00a0\u00bb _builder_version=\u00a0\u00bb4.7.6&Prime; _module_preset=\u00a0\u00bbdefault\u00a0\u00bb text_font_size=\u00a0\u00bb19px\u00a0\u00bb global_colors_info=\u00a0\u00bb{}\u00a0\u00bb]<\/p>\n<p><strong>La Libert\u00e9<\/strong> du 4 mars 2020 &#8211; cliquez <a href=\"https:\/\/espacesenior.ch\/wp-content\/uploads\/2020\/03\/laliberte20200304.pdf\" target=\"_blank\" rel=\"noopener noreferrer\"><strong>ICI<\/strong><\/a><\/p>\n<p>[\/et_pb_text][et_pb_text admin_label=\u00a0\u00bb20200303 &#8211; La Gruy\u00e8re\u00a0\u00bb _builder_version=\u00a0\u00bb4.7.6&Prime; _module_preset=\u00a0\u00bbdefault\u00a0\u00bb text_font_size=\u00a0\u00bb19px\u00a0\u00bb global_colors_info=\u00a0\u00bb{}\u00a0\u00bb]<\/p>\n<p><strong>La Gruy\u00e8re<\/strong> du 3 mars 2020 &#8211; cliquez <a href=\"https:\/\/espacesenior.ch\/wp-content\/uploads\/2020\/07\/gruyere_mars_2020.pdf\" target=\"_blank\" rel=\"noopener noreferrer\"><strong>ICI<\/strong><\/a><\/p>\n<p>[\/et_pb_text][\/et_pb_column][\/et_pb_row][\/et_pb_section]<\/p>\n","protected":false},"excerpt":{"rendered":"<p>CHARTE DES JARDINS energie-environnement.ch donne des conseils pour \u00e9conomiser l&rsquo;\u00e9nergie et pr\u00e9server l&rsquo;environnement. Une \u00ab\u00a0Charte des Jardins\u00a0\u00bb a \u00e9t\u00e9 \u00e9dit\u00e9e et vous pouvez la t\u00e9l\u00e9charger en cliquant ICI Pour acc\u00e9der au site, cliquez ICILa ville de Bulle 16.08.2021 Communiqu\u00e9 de presse : ETRE ET RESTER MOBILE, UN GAGE DE SANTE POUR LES SENIORS &#8211; cliquez [&hellip;]<\/p>\n","protected":false},"author":1,"featured_media":0,"parent":0,"menu_order":0,"comment_status":"closed","ping_status":"closed","template":"","meta":{"_et_pb_use_builder":"on","_et_pb_old_content":"","_et_gb_content_width":""},"yoast_head":"<!-- This site is optimized with the Yoast SEO plugin v21.1 - https:\/\/yoast.com\/wordpress\/plugins\/seo\/ -->\n<title>M\u00e9dias - espacesenior<\/title>\n<meta name=\"robots\" content=\"index, follow, max-snippet:-1, max-image-preview:large, max-video-preview:-1\" \/>\n<link rel=\"canonical\" href=\"https:\/\/espacesenior.ch\/index.php\/medias\/\" \/>\n<meta property=\"og:locale\" content=\"fr_FR\" \/>\n<meta property=\"og:type\" content=\"article\" \/>\n<meta property=\"og:title\" content=\"M\u00e9dias - espacesenior\" \/>\n<meta property=\"og:description\" content=\"CHARTE DES JARDINS energie-environnement.ch donne des conseils pour \u00e9conomiser l&#039;\u00e9nergie et pr\u00e9server l&#039;environnement. Une &quot;Charte des Jardins&quot; a \u00e9t\u00e9 \u00e9dit\u00e9e et vous pouvez la t\u00e9l\u00e9charger en cliquant ICI Pour acc\u00e9der au site, cliquez ICILa ville de Bulle 16.08.2021 Communiqu\u00e9 de presse : ETRE ET RESTER MOBILE, UN GAGE DE SANTE POUR LES SENIORS - cliquez [&hellip;]\" \/>\n<meta property=\"og:url\" content=\"https:\/\/espacesenior.ch\/index.php\/medias\/\" \/>\n<meta property=\"og:site_name\" content=\"espacesenior\" \/>\n<meta property=\"article:modified_time\" content=\"2022-03-14T13:24:16+00:00\" \/>\n<meta name=\"twitter:card\" content=\"summary_large_image\" \/>\n<meta name=\"twitter:label1\" content=\"Dur\u00e9e de lecture estim\u00e9e\" \/>\n\t<meta name=\"twitter:data1\" content=\"2 minutes\" \/>\n<script type=\"application\/ld+json\" class=\"yoast-schema-graph\">{\"@context\":\"https:\/\/schema.org\",\"@graph\":[{\"@type\":\"WebPage\",\"@id\":\"https:\/\/espacesenior.ch\/index.php\/medias\/\",\"url\":\"https:\/\/espacesenior.ch\/index.php\/medias\/\",\"name\":\"M\u00e9dias - espacesenior\",\"isPartOf\":{\"@id\":\"https:\/\/espacesenior.ch\/#website\"},\"datePublished\":\"2020-06-25T13:44:43+00:00\",\"dateModified\":\"2022-03-14T13:24:16+00:00\",\"breadcrumb\":{\"@id\":\"https:\/\/espacesenior.ch\/index.php\/medias\/#breadcrumb\"},\"inLanguage\":\"fr-FR\",\"potentialAction\":[{\"@type\":\"ReadAction\",\"target\":[\"https:\/\/espacesenior.ch\/index.php\/medias\/\"]}]},{\"@type\":\"BreadcrumbList\",\"@id\":\"https:\/\/espacesenior.ch\/index.php\/medias\/#breadcrumb\",\"itemListElement\":[{\"@type\":\"ListItem\",\"position\":1,\"name\":\"Home\",\"item\":\"https:\/\/espacesenior.ch\/\"},{\"@type\":\"ListItem\",\"position\":2,\"name\":\"M\u00e9dias\"}]},{\"@type\":\"WebSite\",\"@id\":\"https:\/\/espacesenior.ch\/#website\",\"url\":\"https:\/\/espacesenior.ch\/\",\"name\":\"espacesenior\",\"description\":\"activit\u00e9s pour seniors bulle\",\"publisher\":{\"@id\":\"https:\/\/espacesenior.ch\/#organization\"},\"potentialAction\":[{\"@type\":\"SearchAction\",\"target\":{\"@type\":\"EntryPoint\",\"urlTemplate\":\"https:\/\/espacesenior.ch\/?s={search_term_string}\"},\"query-input\":\"required name=search_term_string\"}],\"inLanguage\":\"fr-FR\"},{\"@type\":\"Organization\",\"@id\":\"https:\/\/espacesenior.ch\/#organization\",\"name\":\"espacesenior\",\"url\":\"https:\/\/espacesenior.ch\/\",\"logo\":{\"@type\":\"ImageObject\",\"inLanguage\":\"fr-FR\",\"@id\":\"https:\/\/espacesenior.ch\/#\/schema\/logo\/image\/\",\"url\":\"https:\/\/espacesenior.ch\/wp-content\/uploads\/2020\/03\/espace-senior-jaune1600x490.png\",\"contentUrl\":\"https:\/\/espacesenior.ch\/wp-content\/uploads\/2020\/03\/espace-senior-jaune1600x490.png\",\"width\":1600,\"height\":490,\"caption\":\"espacesenior\"},\"image\":{\"@id\":\"https:\/\/espacesenior.ch\/#\/schema\/logo\/image\/\"}}]}<\/script>\n<!-- \/ Yoast SEO plugin. -->","yoast_head_json":{"title":"M\u00e9dias - espacesenior","robots":{"index":"index","follow":"follow","max-snippet":"max-snippet:-1","max-image-preview":"max-image-preview:large","max-video-preview":"max-video-preview:-1"},"canonical":"https:\/\/espacesenior.ch\/index.php\/medias\/","og_locale":"fr_FR","og_type":"article","og_title":"M\u00e9dias - espacesenior","og_description":"CHARTE DES JARDINS energie-environnement.ch donne des conseils pour \u00e9conomiser l'\u00e9nergie et pr\u00e9server l'environnement. Une \"Charte des Jardins\" a \u00e9t\u00e9 \u00e9dit\u00e9e et vous pouvez la t\u00e9l\u00e9charger en cliquant ICI Pour acc\u00e9der au site, cliquez ICILa ville de Bulle 16.08.2021 Communiqu\u00e9 de presse : ETRE ET RESTER MOBILE, UN GAGE DE SANTE POUR LES SENIORS - cliquez [&hellip;]","og_url":"https:\/\/espacesenior.ch\/index.php\/medias\/","og_site_name":"espacesenior","article_modified_time":"2022-03-14T13:24:16+00:00","twitter_card":"summary_large_image","twitter_misc":{"Dur\u00e9e de lecture estim\u00e9e":"2 minutes"},"schema":{"@context":"https:\/\/schema.org","@graph":[{"@type":"WebPage","@id":"https:\/\/espacesenior.ch\/index.php\/medias\/","url":"https:\/\/espacesenior.ch\/index.php\/medias\/","name":"M\u00e9dias - espacesenior","isPartOf":{"@id":"https:\/\/espacesenior.ch\/#website"},"datePublished":"2020-06-25T13:44:43+00:00","dateModified":"2022-03-14T13:24:16+00:00","breadcrumb":{"@id":"https:\/\/espacesenior.ch\/index.php\/medias\/#breadcrumb"},"inLanguage":"fr-FR","potentialAction":[{"@type":"ReadAction","target":["https:\/\/espacesenior.ch\/index.php\/medias\/"]}]},{"@type":"BreadcrumbList","@id":"https:\/\/espacesenior.ch\/index.php\/medias\/#breadcrumb","itemListElement":[{"@type":"ListItem","position":1,"name":"Home","item":"https:\/\/espacesenior.ch\/"},{"@type":"ListItem","position":2,"name":"M\u00e9dias"}]},{"@type":"WebSite","@id":"https:\/\/espacesenior.ch\/#website","url":"https:\/\/espacesenior.ch\/","name":"espacesenior","description":"activit\u00e9s pour seniors bulle","publisher":{"@id":"https:\/\/espacesenior.ch\/#organization"},"potentialAction":[{"@type":"SearchAction","target":{"@type":"EntryPoint","urlTemplate":"https:\/\/espacesenior.ch\/?s={search_term_string}"},"query-input":"required name=search_term_string"}],"inLanguage":"fr-FR"},{"@type":"Organization","@id":"https:\/\/espacesenior.ch\/#organization","name":"espacesenior","url":"https:\/\/espacesenior.ch\/","logo":{"@type":"ImageObject","inLanguage":"fr-FR","@id":"https:\/\/espacesenior.ch\/#\/schema\/logo\/image\/","url":"https:\/\/espacesenior.ch\/wp-content\/uploads\/2020\/03\/espace-senior-jaune1600x490.png","contentUrl":"https:\/\/espacesenior.ch\/wp-content\/uploads\/2020\/03\/espace-senior-jaune1600x490.png","width":1600,"height":490,"caption":"espacesenior"},"image":{"@id":"https:\/\/espacesenior.ch\/#\/schema\/logo\/image\/"}}]}},"_links":{"self":[{"href":"https:\/\/espacesenior.ch\/index.php\/wp-json\/wp\/v2\/pages\/430"}],"collection":[{"href":"https:\/\/espacesenior.ch\/index.php\/wp-json\/wp\/v2\/pages"}],"about":[{"href":"https:\/\/espacesenior.ch\/index.php\/wp-json\/wp\/v2\/types\/page"}],"author":[{"embeddable":true,"href":"https:\/\/espacesenior.ch\/index.php\/wp-json\/wp\/v2\/users\/1"}],"replies":[{"embeddable":true,"href":"https:\/\/espacesenior.ch\/index.php\/wp-json\/wp\/v2\/comments?post=430"}],"version-history":[{"count":37,"href":"https:\/\/espacesenior.ch\/index.php\/wp-json\/wp\/v2\/pages\/430\/revisions"}],"predecessor-version":[{"id":2335,"href":"https:\/\/espacesenior.ch\/index.php\/wp-json\/wp\/v2\/pages\/430\/revisions\/2335"}],"wp:attachment":[{"href":"https:\/\/espacesenior.ch\/index.php\/wp-json\/wp\/v2\/media?parent=430"}],"curies":[{"name":"wp","href":"https:\/\/api.w.org\/{rel}","templated":true}]}}