{"id":48,"date":"2020-03-06T10:12:49","date_gmt":"2020-03-06T10:12:49","guid":{"rendered":"https:\/\/espacesenior.ch\/?page_id=48"},"modified":"2021-06-14T12:34:57","modified_gmt":"2021-06-14T12:34:57","slug":"situation","status":"publish","type":"page","link":"https:\/\/espacesenior.ch\/index.php\/situation\/","title":{"rendered":"Situation"},"content":{"rendered":"<p>[et_pb_section fb_built=\u00a0\u00bb1&Prime; _builder_version=\u00a0\u00bb4.9.6&Prime; custom_padding=\u00a0\u00bb0px||7px|||\u00a0\u00bb hover_enabled=\u00a0\u00bb0&Prime; top_divider_style=\u00a0\u00bbslant2&Prime; top_divider_color=\u00a0\u00bb#5e5e5e\u00a0\u00bb sticky_enabled=\u00a0\u00bb0&Prime;][et_pb_row _builder_version=\u00a0\u00bb4.3.2&Prime; custom_padding=\u00a0\u00bb17px|||||\u00a0\u00bb][et_pb_column type=\u00a0\u00bb4_4&Prime; _builder_version=\u00a0\u00bb4.3.2&Prime;][et_pb_text _builder_version=\u00a0\u00bb4.9.1&Prime; text_text_color=\u00a0\u00bb#000000&Prime; text_font_size=\u00a0\u00bb18px\u00a0\u00bb custom_margin=\u00a0\u00bb20px|||||\u00a0\u00bb]<\/p>\n<p><strong>Adresse<\/strong> : Rue du Levant 5 &#8211; La Tour-de-Tr\u00eame<\/p>\n<p><strong>Bus : <\/strong>Acc\u00e8s par Mobul, ligne 201, arr\u00eat La Tour Centre<\/p>\n<p><strong>Voiture : <\/strong>Parking public \u00e0 proximit\u00e9<\/p>\n<p>[\/et_pb_text][et_pb_image src=\u00a0\u00bbhttps:\/\/espacesenior.ch\/wp-content\/uploads\/2020\/06\/carte_local_esp_redi.jpg\u00a0\u00bb title_text=\u00a0\u00bbcarte_local_esp_redi\u00a0\u00bb admin_label=\u00a0\u00bbplan du local \u00e0 La Tour\u00a0\u00bb _builder_version=\u00a0\u00bb4.4.8&Prime; custom_margin=\u00a0\u00bb-20px|||||\u00a0\u00bb][\/et_pb_image][\/et_pb_column][\/et_pb_row][et_pb_row column_structure=\u00a0\u00bb1_2,1_2&Prime; _builder_version=\u00a0\u00bb4.3.2&Prime;][et_pb_column type=\u00a0\u00bb1_2&Prime; _builder_version=\u00a0\u00bb4.3.2&Prime;][et_pb_image src=\u00a0\u00bbhttps:\/\/espacesenior.ch\/wp-content\/uploads\/2020\/03\/local_espacesenior_2-scaled.jpg\u00a0\u00bb admin_label=\u00a0\u00bbimage fa\u00e7ade\u00a0\u00bb _builder_version=\u00a0\u00bb4.3.2&Prime;][\/et_pb_image][\/et_pb_column][et_pb_column type=\u00a0\u00bb1_2&Prime; _builder_version=\u00a0\u00bb4.3.2&Prime;][et_pb_image src=\u00a0\u00bbhttps:\/\/espacesenior.ch\/wp-content\/uploads\/2020\/07\/local_espacesenior_3-scaled.jpg\u00a0\u00bb title_text=\u00a0\u00bblocal_espacesenior_3&Prime; admin_label=\u00a0\u00bbimage porte d&rsquo;entr\u00e9e\u00a0\u00bb _builder_version=\u00a0\u00bb4.4.9&Prime;][\/et_pb_image][\/et_pb_column][\/et_pb_row][\/et_pb_section]<\/p>\n","protected":false},"excerpt":{"rendered":"<p>Adresse : Rue du Levant 5 &#8211; La Tour-de-Tr\u00eame Bus : Acc\u00e8s par Mobul, ligne 201, arr\u00eat La Tour Centre Voiture : Parking public \u00e0 proximit\u00e9<\/p>\n","protected":false},"author":1,"featured_media":0,"parent":0,"menu_order":0,"comment_status":"closed","ping_status":"closed","template":"","meta":{"_et_pb_use_builder":"on","_et_pb_old_content":"","_et_gb_content_width":""},"yoast_head":"<!-- This site is optimized with the Yoast SEO plugin v21.1 - https:\/\/yoast.com\/wordpress\/plugins\/seo\/ -->\n<title>Situation - espacesenior<\/title>\n<meta name=\"robots\" content=\"index, follow, max-snippet:-1, max-image-preview:large, max-video-preview:-1\" \/>\n<link rel=\"canonical\" href=\"https:\/\/espacesenior.ch\/index.php\/situation\/\" \/>\n<meta property=\"og:locale\" content=\"fr_FR\" \/>\n<meta property=\"og:type\" content=\"article\" \/>\n<meta property=\"og:title\" content=\"Situation - espacesenior\" \/>\n<meta property=\"og:description\" content=\"Adresse : Rue du Levant 5 - La Tour-de-Tr\u00eame Bus : Acc\u00e8s par Mobul, ligne 201, arr\u00eat La Tour Centre Voiture : Parking public \u00e0 proximit\u00e9\" \/>\n<meta property=\"og:url\" content=\"https:\/\/espacesenior.ch\/index.php\/situation\/\" \/>\n<meta property=\"og:site_name\" content=\"espacesenior\" \/>\n<meta property=\"article:modified_time\" content=\"2021-06-14T12:34:57+00:00\" \/>\n<meta name=\"twitter:card\" content=\"summary_large_image\" \/>\n<meta name=\"twitter:label1\" content=\"Dur\u00e9e de lecture estim\u00e9e\" \/>\n\t<meta name=\"twitter:data1\" content=\"1 minute\" \/>\n<script type=\"application\/ld+json\" class=\"yoast-schema-graph\">{\"@context\":\"https:\/\/schema.org\",\"@graph\":[{\"@type\":\"WebPage\",\"@id\":\"https:\/\/espacesenior.ch\/index.php\/situation\/\",\"url\":\"https:\/\/espacesenior.ch\/index.php\/situation\/\",\"name\":\"Situation - espacesenior\",\"isPartOf\":{\"@id\":\"https:\/\/espacesenior.ch\/#website\"},\"datePublished\":\"2020-03-06T10:12:49+00:00\",\"dateModified\":\"2021-06-14T12:34:57+00:00\",\"breadcrumb\":{\"@id\":\"https:\/\/espacesenior.ch\/index.php\/situation\/#breadcrumb\"},\"inLanguage\":\"fr-FR\",\"potentialAction\":[{\"@type\":\"ReadAction\",\"target\":[\"https:\/\/espacesenior.ch\/index.php\/situation\/\"]}]},{\"@type\":\"BreadcrumbList\",\"@id\":\"https:\/\/espacesenior.ch\/index.php\/situation\/#breadcrumb\",\"itemListElement\":[{\"@type\":\"ListItem\",\"position\":1,\"name\":\"Home\",\"item\":\"https:\/\/espacesenior.ch\/\"},{\"@type\":\"ListItem\",\"position\":2,\"name\":\"Situation\"}]},{\"@type\":\"WebSite\",\"@id\":\"https:\/\/espacesenior.ch\/#website\",\"url\":\"https:\/\/espacesenior.ch\/\",\"name\":\"espacesenior\",\"description\":\"activit\u00e9s pour seniors bulle\",\"publisher\":{\"@id\":\"https:\/\/espacesenior.ch\/#organization\"},\"potentialAction\":[{\"@type\":\"SearchAction\",\"target\":{\"@type\":\"EntryPoint\",\"urlTemplate\":\"https:\/\/espacesenior.ch\/?s={search_term_string}\"},\"query-input\":\"required name=search_term_string\"}],\"inLanguage\":\"fr-FR\"},{\"@type\":\"Organization\",\"@id\":\"https:\/\/espacesenior.ch\/#organization\",\"name\":\"espacesenior\",\"url\":\"https:\/\/espacesenior.ch\/\",\"logo\":{\"@type\":\"ImageObject\",\"inLanguage\":\"fr-FR\",\"@id\":\"https:\/\/espacesenior.ch\/#\/schema\/logo\/image\/\",\"url\":\"https:\/\/espacesenior.ch\/wp-content\/uploads\/2020\/03\/espace-senior-jaune1600x490.png\",\"contentUrl\":\"https:\/\/espacesenior.ch\/wp-content\/uploads\/2020\/03\/espace-senior-jaune1600x490.png\",\"width\":1600,\"height\":490,\"caption\":\"espacesenior\"},\"image\":{\"@id\":\"https:\/\/espacesenior.ch\/#\/schema\/logo\/image\/\"}}]}<\/script>\n<!-- \/ Yoast SEO plugin. -->","yoast_head_json":{"title":"Situation - espacesenior","robots":{"index":"index","follow":"follow","max-snippet":"max-snippet:-1","max-image-preview":"max-image-preview:large","max-video-preview":"max-video-preview:-1"},"canonical":"https:\/\/espacesenior.ch\/index.php\/situation\/","og_locale":"fr_FR","og_type":"article","og_title":"Situation - espacesenior","og_description":"Adresse : Rue du Levant 5 - La Tour-de-Tr\u00eame Bus : Acc\u00e8s par Mobul, ligne 201, arr\u00eat La Tour Centre Voiture : Parking public \u00e0 proximit\u00e9","og_url":"https:\/\/espacesenior.ch\/index.php\/situation\/","og_site_name":"espacesenior","article_modified_time":"2021-06-14T12:34:57+00:00","twitter_card":"summary_large_image","twitter_misc":{"Dur\u00e9e de lecture estim\u00e9e":"1 minute"},"schema":{"@context":"https:\/\/schema.org","@graph":[{"@type":"WebPage","@id":"https:\/\/espacesenior.ch\/index.php\/situation\/","url":"https:\/\/espacesenior.ch\/index.php\/situation\/","name":"Situation - espacesenior","isPartOf":{"@id":"https:\/\/espacesenior.ch\/#website"},"datePublished":"2020-03-06T10:12:49+00:00","dateModified":"2021-06-14T12:34:57+00:00","breadcrumb":{"@id":"https:\/\/espacesenior.ch\/index.php\/situation\/#breadcrumb"},"inLanguage":"fr-FR","potentialAction":[{"@type":"ReadAction","target":["https:\/\/espacesenior.ch\/index.php\/situation\/"]}]},{"@type":"BreadcrumbList","@id":"https:\/\/espacesenior.ch\/index.php\/situation\/#breadcrumb","itemListElement":[{"@type":"ListItem","position":1,"name":"Home","item":"https:\/\/espacesenior.ch\/"},{"@type":"ListItem","position":2,"name":"Situation"}]},{"@type":"WebSite","@id":"https:\/\/espacesenior.ch\/#website","url":"https:\/\/espacesenior.ch\/","name":"espacesenior","description":"activit\u00e9s pour seniors bulle","publisher":{"@id":"https:\/\/espacesenior.ch\/#organization"},"potentialAction":[{"@type":"SearchAction","target":{"@type":"EntryPoint","urlTemplate":"https:\/\/espacesenior.ch\/?s={search_term_string}"},"query-input":"required name=search_term_string"}],"inLanguage":"fr-FR"},{"@type":"Organization","@id":"https:\/\/espacesenior.ch\/#organization","name":"espacesenior","url":"https:\/\/espacesenior.ch\/","logo":{"@type":"ImageObject","inLanguage":"fr-FR","@id":"https:\/\/espacesenior.ch\/#\/schema\/logo\/image\/","url":"https:\/\/espacesenior.ch\/wp-content\/uploads\/2020\/03\/espace-senior-jaune1600x490.png","contentUrl":"https:\/\/espacesenior.ch\/wp-content\/uploads\/2020\/03\/espace-senior-jaune1600x490.png","width":1600,"height":490,"caption":"espacesenior"},"image":{"@id":"https:\/\/espacesenior.ch\/#\/schema\/logo\/image\/"}}]}},"_links":{"self":[{"href":"https:\/\/espacesenior.ch\/index.php\/wp-json\/wp\/v2\/pages\/48"}],"collection":[{"href":"https:\/\/espacesenior.ch\/index.php\/wp-json\/wp\/v2\/pages"}],"about":[{"href":"https:\/\/espacesenior.ch\/index.php\/wp-json\/wp\/v2\/types\/page"}],"author":[{"embeddable":true,"href":"https:\/\/espacesenior.ch\/index.php\/wp-json\/wp\/v2\/users\/1"}],"replies":[{"embeddable":true,"href":"https:\/\/espacesenior.ch\/index.php\/wp-json\/wp\/v2\/comments?post=48"}],"version-history":[{"count":12,"href":"https:\/\/espacesenior.ch\/index.php\/wp-json\/wp\/v2\/pages\/48\/revisions"}],"predecessor-version":[{"id":1215,"href":"https:\/\/espacesenior.ch\/index.php\/wp-json\/wp\/v2\/pages\/48\/revisions\/1215"}],"wp:attachment":[{"href":"https:\/\/espacesenior.ch\/index.php\/wp-json\/wp\/v2\/media?parent=48"}],"curies":[{"name":"wp","href":"https:\/\/api.w.org\/{rel}","templated":true}]}}