{"id":8,"date":"2020-03-06T08:36:39","date_gmt":"2020-03-06T08:36:39","guid":{"rendered":"https:\/\/espacesenior.ch\/?page_id=8"},"modified":"2026-03-07T09:53:19","modified_gmt":"2026-03-07T09:53:19","slug":"accueil","status":"publish","type":"page","link":"https:\/\/espacesenior.ch\/","title":{"rendered":"Accueil"},"content":{"rendered":"<p>[et_pb_section fb_built=\u00a0\u00bb1&Prime; fullwidth=\u00a0\u00bbon\u00a0\u00bb admin_label=\u00a0\u00bbvideo de fond\u00a0\u00bb _builder_version=\u00a0\u00bb4.27.4&Prime; _module_preset=\u00a0\u00bbdefault\u00a0\u00bb background_color=\u00a0\u00bb#939393&Prime; background_enable_video_mp4=\u00a0\u00bboff\u00a0\u00bb background_enable_video_webm=\u00a0\u00bboff\u00a0\u00bb global_colors_info=\u00a0\u00bb{}\u00a0\u00bb][et_pb_fullwidth_header title=\u00a0\u00bbBienvenue sur le site espacesenior.ch\u00a0\u00bb header_fullscreen=\u00a0\u00bbon\u00a0\u00bb _builder_version=\u00a0\u00bb4.27.4&Prime; _module_preset=\u00a0\u00bbdefault\u00a0\u00bb title_font=\u00a0\u00bb|800||on|||||\u00a0\u00bb title_text_align=\u00a0\u00bbcenter\u00a0\u00bb title_text_color=\u00a0\u00bb#EDF000&Prime; title_font_size=\u00a0\u00bb59px\u00a0\u00bb title_letter_spacing=\u00a0\u00bb4px\u00a0\u00bb content_font=\u00a0\u00bb|800|||||||\u00a0\u00bb content_text_color=\u00a0\u00bb#FFFFFF\u00a0\u00bb content_font_size=\u00a0\u00bb24px\u00a0\u00bb content_letter_spacing=\u00a0\u00bb1px\u00a0\u00bb content_line_height=\u00a0\u00bb1.9em\u00a0\u00bb background_enable_color=\u00a0\u00bboff\u00a0\u00bb background_video_mp4=\u00a0\u00bbhttps:\/\/espacesenior.ch\/wp-content\/uploads\/2023\/01\/foret_03.mp4&Prime; background_video_webm=\u00a0\u00bbhttps:\/\/espacesenior.ch\/wp-content\/uploads\/2022\/04\/lac_grand.mp4&Prime; background_layout=\u00a0\u00bblight\u00a0\u00bb custom_margin=\u00a0\u00bb||83px|||\u00a0\u00bb global_colors_info=\u00a0\u00bb{}\u00a0\u00bb]<\/p>\n<p><strong>Dans le cadre du concept en faveur des a\u00een\u00e9s, \u00ab\u00a0<em>Espacesenior<\/em>\u00a0\u00bb a \u00e9t\u00e9 \u00e9labor\u00e9 dans le but d&rsquo;offrir aux retrait\u00e9s domicili\u00e9s en principe \u00e0 Bulle &#8211; La Tour-de-Tr\u00eame la possibilit\u00e9 de se retrouver dans un lieu convivial et de pouvoir cr\u00e9er librement des liens<\/strong><\/p>\n<p>[\/et_pb_fullwidth_header][\/et_pb_section][et_pb_section fb_built=\u00a0\u00bb1&Prime; _builder_version=\u00a0\u00bb4.27.4&Prime; _module_preset=\u00a0\u00bbdefault\u00a0\u00bb custom_padding=\u00a0\u00bb0px|||||\u00a0\u00bb global_colors_info=\u00a0\u00bb{}\u00a0\u00bb][et_pb_row column_structure=\u00a0\u00bb1_4,1_4,1_4,1_4&Prime; _builder_version=\u00a0\u00bb4.27.4&Prime; _module_preset=\u00a0\u00bbdefault\u00a0\u00bb collapsed=\u00a0\u00bboff\u00a0\u00bb global_colors_info=\u00a0\u00bb{}\u00a0\u00bb][et_pb_column type=\u00a0\u00bb1_4&Prime; _builder_version=\u00a0\u00bb4.27.4&Prime; _module_preset=\u00a0\u00bbdefault\u00a0\u00bb global_colors_info=\u00a0\u00bb{}\u00a0\u00bb][et_pb_image src=\u00a0\u00bbhttps:\/\/espacesenior.ch\/wp-content\/uploads\/2024\/03\/Logo_Boulangerie_Grangier-1-e1711042317872.jpg\u00a0\u00bb title_text=\u00a0\u00bbLogo_Boulangerie_Grangier\u00a0\u00bb admin_label=\u00a0\u00bbGrangier\u00a0\u00bb _builder_version=\u00a0\u00bb4.27.4&Prime; _module_preset=\u00a0\u00bbdefault\u00a0\u00bb global_colors_info=\u00a0\u00bb{}\u00a0\u00bb][\/et_pb_image][\/et_pb_column][et_pb_column type=\u00a0\u00bb1_4&Prime; _builder_version=\u00a0\u00bb4.27.4&Prime; _module_preset=\u00a0\u00bbdefault\u00a0\u00bb global_colors_info=\u00a0\u00bb{}\u00a0\u00bb][et_pb_image src=\u00a0\u00bbhttps:\/\/espacesenior.ch\/wp-content\/uploads\/2025\/05\/Seydoux.jpg\u00a0\u00bb title_text=\u00a0\u00bbSeydoux\u00a0\u00bb admin_label=\u00a0\u00bbSeydoux\u00a0\u00bb _builder_version=\u00a0\u00bb4.27.4&Prime; _module_preset=\u00a0\u00bbdefault\u00a0\u00bb global_colors_info=\u00a0\u00bb{}\u00a0\u00bb][\/et_pb_image][\/et_pb_column][et_pb_column type=\u00a0\u00bb1_4&Prime; _builder_version=\u00a0\u00bb4.27.4&Prime; _module_preset=\u00a0\u00bbdefault\u00a0\u00bb global_colors_info=\u00a0\u00bb{}\u00a0\u00bb][et_pb_image src=\u00a0\u00bbhttps:\/\/espacesenior.ch\/wp-content\/uploads\/2025\/05\/Boucherie-Ancien-Comte.jpg\u00a0\u00bb title_text=\u00a0\u00bbBoucherie Ancien Comt\u00e9\u00a0\u00bb admin_label=\u00a0\u00bbBoucherie\u00a0\u00bb _builder_version=\u00a0\u00bb4.27.4&Prime; _module_preset=\u00a0\u00bbdefault\u00a0\u00bb global_colors_info=\u00a0\u00bb{}\u00a0\u00bb][\/et_pb_image][\/et_pb_column][et_pb_column type=\u00a0\u00bb1_4&Prime; _builder_version=\u00a0\u00bb4.27.4&Prime; _module_preset=\u00a0\u00bbdefault\u00a0\u00bb global_colors_info=\u00a0\u00bb{}\u00a0\u00bb][et_pb_image src=\u00a0\u00bbhttps:\/\/espacesenior.ch\/wp-content\/uploads\/2026\/03\/logo-pittet-black-e1772877144766.jpg\u00a0\u00bb title_text=\u00a0\u00bblogo-pittet-black\u00a0\u00bb admin_label=\u00a0\u00bbPittet\u00a0\u00bb _builder_version=\u00a0\u00bb4.27.4&Prime; _module_preset=\u00a0\u00bbdefault\u00a0\u00bb hover_enabled=\u00a0\u00bb0&Prime; global_colors_info=\u00a0\u00bb{}\u00a0\u00bb sticky_enabled=\u00a0\u00bb0&Prime;][\/et_pb_image][\/et_pb_column][\/et_pb_row][\/et_pb_section]<\/p>\n","protected":false},"excerpt":{"rendered":"<p>Dans le cadre du concept en faveur des a\u00een\u00e9s, \u00ab\u00a0Espacesenior\u00a0\u00bb a \u00e9t\u00e9 \u00e9labor\u00e9 dans le but d&rsquo;offrir aux retrait\u00e9s domicili\u00e9s en principe \u00e0 Bulle &#8211; La Tour-de-Tr\u00eame la possibilit\u00e9 de se retrouver dans un lieu convivial et de pouvoir cr\u00e9er librement des liens<\/p>\n","protected":false},"author":1,"featured_media":0,"parent":0,"menu_order":0,"comment_status":"closed","ping_status":"closed","template":"","meta":{"_et_pb_use_builder":"on","_et_pb_old_content":"","_et_gb_content_width":""},"yoast_head":"<!-- This site is optimized with the Yoast SEO plugin v21.1 - https:\/\/yoast.com\/wordpress\/plugins\/seo\/ -->\n<title>Accueil - espacesenior<\/title>\n<meta name=\"robots\" content=\"index, follow, max-snippet:-1, max-image-preview:large, max-video-preview:-1\" \/>\n<link rel=\"canonical\" href=\"https:\/\/espacesenior.ch\/\" \/>\n<meta property=\"og:locale\" content=\"fr_FR\" \/>\n<meta property=\"og:type\" content=\"article\" \/>\n<meta property=\"og:title\" content=\"Accueil - espacesenior\" \/>\n<meta property=\"og:description\" content=\"Dans le cadre du concept en faveur des a\u00een\u00e9s, &quot;Espacesenior&quot; a \u00e9t\u00e9 \u00e9labor\u00e9 dans le but d&#039;offrir aux retrait\u00e9s domicili\u00e9s en principe \u00e0 Bulle - La Tour-de-Tr\u00eame la possibilit\u00e9 de se retrouver dans un lieu convivial et de pouvoir cr\u00e9er librement des liens\" \/>\n<meta property=\"og:url\" content=\"https:\/\/espacesenior.ch\/\" \/>\n<meta property=\"og:site_name\" content=\"espacesenior\" \/>\n<meta property=\"article:modified_time\" content=\"2026-03-07T09:53:19+00:00\" \/>\n<meta name=\"twitter:card\" content=\"summary_large_image\" \/>\n<meta name=\"twitter:label1\" content=\"Dur\u00e9e de lecture estim\u00e9e\" \/>\n\t<meta name=\"twitter:data1\" content=\"1 minute\" \/>\n<script type=\"application\/ld+json\" class=\"yoast-schema-graph\">{\"@context\":\"https:\/\/schema.org\",\"@graph\":[{\"@type\":\"WebPage\",\"@id\":\"https:\/\/espacesenior.ch\/\",\"url\":\"https:\/\/espacesenior.ch\/\",\"name\":\"Accueil - espacesenior\",\"isPartOf\":{\"@id\":\"https:\/\/espacesenior.ch\/#website\"},\"datePublished\":\"2020-03-06T08:36:39+00:00\",\"dateModified\":\"2026-03-07T09:53:19+00:00\",\"breadcrumb\":{\"@id\":\"https:\/\/espacesenior.ch\/#breadcrumb\"},\"inLanguage\":\"fr-FR\",\"potentialAction\":[{\"@type\":\"ReadAction\",\"target\":[\"https:\/\/espacesenior.ch\/\"]}]},{\"@type\":\"BreadcrumbList\",\"@id\":\"https:\/\/espacesenior.ch\/#breadcrumb\",\"itemListElement\":[{\"@type\":\"ListItem\",\"position\":1,\"name\":\"Home\",\"item\":\"https:\/\/espacesenior.ch\/\"},{\"@type\":\"ListItem\",\"position\":2,\"name\":\"Accueil\"}]},{\"@type\":\"WebSite\",\"@id\":\"https:\/\/espacesenior.ch\/#website\",\"url\":\"https:\/\/espacesenior.ch\/\",\"name\":\"espacesenior\",\"description\":\"activit\u00e9s pour seniors bulle\",\"publisher\":{\"@id\":\"https:\/\/espacesenior.ch\/#organization\"},\"potentialAction\":[{\"@type\":\"SearchAction\",\"target\":{\"@type\":\"EntryPoint\",\"urlTemplate\":\"https:\/\/espacesenior.ch\/?s={search_term_string}\"},\"query-input\":\"required name=search_term_string\"}],\"inLanguage\":\"fr-FR\"},{\"@type\":\"Organization\",\"@id\":\"https:\/\/espacesenior.ch\/#organization\",\"name\":\"espacesenior\",\"url\":\"https:\/\/espacesenior.ch\/\",\"logo\":{\"@type\":\"ImageObject\",\"inLanguage\":\"fr-FR\",\"@id\":\"https:\/\/espacesenior.ch\/#\/schema\/logo\/image\/\",\"url\":\"https:\/\/espacesenior.ch\/wp-content\/uploads\/2020\/03\/espace-senior-jaune1600x490.png\",\"contentUrl\":\"https:\/\/espacesenior.ch\/wp-content\/uploads\/2020\/03\/espace-senior-jaune1600x490.png\",\"width\":1600,\"height\":490,\"caption\":\"espacesenior\"},\"image\":{\"@id\":\"https:\/\/espacesenior.ch\/#\/schema\/logo\/image\/\"}}]}<\/script>\n<!-- \/ Yoast SEO plugin. -->","yoast_head_json":{"title":"Accueil - espacesenior","robots":{"index":"index","follow":"follow","max-snippet":"max-snippet:-1","max-image-preview":"max-image-preview:large","max-video-preview":"max-video-preview:-1"},"canonical":"https:\/\/espacesenior.ch\/","og_locale":"fr_FR","og_type":"article","og_title":"Accueil - espacesenior","og_description":"Dans le cadre du concept en faveur des a\u00een\u00e9s, \"Espacesenior\" a \u00e9t\u00e9 \u00e9labor\u00e9 dans le but d'offrir aux retrait\u00e9s domicili\u00e9s en principe \u00e0 Bulle - La Tour-de-Tr\u00eame la possibilit\u00e9 de se retrouver dans un lieu convivial et de pouvoir cr\u00e9er librement des liens","og_url":"https:\/\/espacesenior.ch\/","og_site_name":"espacesenior","article_modified_time":"2026-03-07T09:53:19+00:00","twitter_card":"summary_large_image","twitter_misc":{"Dur\u00e9e de lecture estim\u00e9e":"1 minute"},"schema":{"@context":"https:\/\/schema.org","@graph":[{"@type":"WebPage","@id":"https:\/\/espacesenior.ch\/","url":"https:\/\/espacesenior.ch\/","name":"Accueil - espacesenior","isPartOf":{"@id":"https:\/\/espacesenior.ch\/#website"},"datePublished":"2020-03-06T08:36:39+00:00","dateModified":"2026-03-07T09:53:19+00:00","breadcrumb":{"@id":"https:\/\/espacesenior.ch\/#breadcrumb"},"inLanguage":"fr-FR","potentialAction":[{"@type":"ReadAction","target":["https:\/\/espacesenior.ch\/"]}]},{"@type":"BreadcrumbList","@id":"https:\/\/espacesenior.ch\/#breadcrumb","itemListElement":[{"@type":"ListItem","position":1,"name":"Home","item":"https:\/\/espacesenior.ch\/"},{"@type":"ListItem","position":2,"name":"Accueil"}]},{"@type":"WebSite","@id":"https:\/\/espacesenior.ch\/#website","url":"https:\/\/espacesenior.ch\/","name":"espacesenior","description":"activit\u00e9s pour seniors bulle","publisher":{"@id":"https:\/\/espacesenior.ch\/#organization"},"potentialAction":[{"@type":"SearchAction","target":{"@type":"EntryPoint","urlTemplate":"https:\/\/espacesenior.ch\/?s={search_term_string}"},"query-input":"required name=search_term_string"}],"inLanguage":"fr-FR"},{"@type":"Organization","@id":"https:\/\/espacesenior.ch\/#organization","name":"espacesenior","url":"https:\/\/espacesenior.ch\/","logo":{"@type":"ImageObject","inLanguage":"fr-FR","@id":"https:\/\/espacesenior.ch\/#\/schema\/logo\/image\/","url":"https:\/\/espacesenior.ch\/wp-content\/uploads\/2020\/03\/espace-senior-jaune1600x490.png","contentUrl":"https:\/\/espacesenior.ch\/wp-content\/uploads\/2020\/03\/espace-senior-jaune1600x490.png","width":1600,"height":490,"caption":"espacesenior"},"image":{"@id":"https:\/\/espacesenior.ch\/#\/schema\/logo\/image\/"}}]}},"_links":{"self":[{"href":"https:\/\/espacesenior.ch\/index.php\/wp-json\/wp\/v2\/pages\/8"}],"collection":[{"href":"https:\/\/espacesenior.ch\/index.php\/wp-json\/wp\/v2\/pages"}],"about":[{"href":"https:\/\/espacesenior.ch\/index.php\/wp-json\/wp\/v2\/types\/page"}],"author":[{"embeddable":true,"href":"https:\/\/espacesenior.ch\/index.php\/wp-json\/wp\/v2\/users\/1"}],"replies":[{"embeddable":true,"href":"https:\/\/espacesenior.ch\/index.php\/wp-json\/wp\/v2\/comments?post=8"}],"version-history":[{"count":150,"href":"https:\/\/espacesenior.ch\/index.php\/wp-json\/wp\/v2\/pages\/8\/revisions"}],"predecessor-version":[{"id":6949,"href":"https:\/\/espacesenior.ch\/index.php\/wp-json\/wp\/v2\/pages\/8\/revisions\/6949"}],"wp:attachment":[{"href":"https:\/\/espacesenior.ch\/index.php\/wp-json\/wp\/v2\/media?parent=8"}],"curies":[{"name":"wp","href":"https:\/\/api.w.org\/{rel}","templated":true}]}}